{"id":4255,"date":"2025-08-12T18:21:33","date_gmt":"2025-08-12T16:21:33","guid":{"rendered":"https:\/\/planchescontact.fr\/?page_id=4255"},"modified":"2026-08-25T12:27:47","modified_gmt":"2026-08-25T10:27:47","slug":"les-evenements","status":"publish","type":"page","link":"https:\/\/planchescontact.fr\/en\/les-evenements\/","title":{"rendered":"Events"},"content":{"rendered":"<div data-elementor-type=\"wp-page\" data-elementor-id=\"4255\" class=\"elementor elementor-4255\" data-elementor-post-type=\"page\">\n\t\t\t\t<div class=\"elementor-element elementor-element-9f374f1 e-flex e-con-boxed e-con e-parent\" data-id=\"9f374f1\" data-element_type=\"container\" data-e-type=\"container\" data-settings=\"{&quot;background_background&quot;:&quot;classic&quot;}\">\n\t\t\t\t\t<div class=\"e-con-inner\">\n\t\t<div class=\"elementor-element elementor-element-ef4856b e-con-full e-flex e-con e-child\" data-id=\"ef4856b\" data-element_type=\"container\" data-e-type=\"container\" data-settings=\"{&quot;background_background&quot;:&quot;classic&quot;,&quot;position&quot;:&quot;fixed&quot;}\">\n\t\t\t\t<\/div>\n\t\t<div class=\"elementor-element elementor-element-d08854d e-con-full e-flex e-con e-child\" data-id=\"d08854d\" data-element_type=\"container\" data-e-type=\"container\">\n\t\t<div class=\"elementor-element elementor-element-03c56d3 e-grid e-con-full e-transform e-con e-child\" data-id=\"03c56d3\" data-element_type=\"container\" data-e-type=\"container\" data-settings=\"{&quot;_transform_translateY_effect&quot;:{&quot;unit&quot;:&quot;px&quot;,&quot;size&quot;:140,&quot;sizes&quot;:[]},&quot;_transform_translateX_effect&quot;:{&quot;unit&quot;:&quot;px&quot;,&quot;size&quot;:&quot;&quot;,&quot;sizes&quot;:[]},&quot;_transform_translateX_effect_tablet&quot;:{&quot;unit&quot;:&quot;px&quot;,&quot;size&quot;:&quot;&quot;,&quot;sizes&quot;:[]},&quot;_transform_translateX_effect_mobile&quot;:{&quot;unit&quot;:&quot;px&quot;,&quot;size&quot;:&quot;&quot;,&quot;sizes&quot;:[]},&quot;_transform_translateY_effect_tablet&quot;:{&quot;unit&quot;:&quot;px&quot;,&quot;size&quot;:&quot;&quot;,&quot;sizes&quot;:[]},&quot;_transform_translateY_effect_mobile&quot;:{&quot;unit&quot;:&quot;px&quot;,&quot;size&quot;:&quot;&quot;,&quot;sizes&quot;:[]}}\">\n\t\t\t\t<div class=\"elementor-element elementor-element-c276d47 elementor-widget__width-initial e-transform e-transform elementor-widget elementor-widget-image\" data-id=\"c276d47\" data-element_type=\"widget\" data-e-type=\"widget\" data-settings=\"{&quot;_transform_translateX_effect&quot;:{&quot;unit&quot;:&quot;px&quot;,&quot;size&quot;:1,&quot;sizes&quot;:[]},&quot;_transform_translateY_effect&quot;:{&quot;unit&quot;:&quot;px&quot;,&quot;size&quot;:-70,&quot;sizes&quot;:[]},&quot;_transform_scale_effect&quot;:{&quot;unit&quot;:&quot;px&quot;,&quot;size&quot;:1.3,&quot;sizes&quot;:[]},&quot;_transform_translateX_effect_mobile&quot;:{&quot;unit&quot;:&quot;px&quot;,&quot;size&quot;:-2,&quot;sizes&quot;:[]},&quot;_transform_translateY_effect_mobile&quot;:{&quot;unit&quot;:&quot;px&quot;,&quot;size&quot;:-27,&quot;sizes&quot;:[]},&quot;_transform_scale_effect_mobile&quot;:{&quot;unit&quot;:&quot;px&quot;,&quot;size&quot;:1,&quot;sizes&quot;:[]},&quot;_transform_translateX_effect_tablet&quot;:{&quot;unit&quot;:&quot;px&quot;,&quot;size&quot;:&quot;&quot;,&quot;sizes&quot;:[]},&quot;_transform_translateY_effect_tablet&quot;:{&quot;unit&quot;:&quot;px&quot;,&quot;size&quot;:&quot;&quot;,&quot;sizes&quot;:[]},&quot;_transform_scale_effect_tablet&quot;:{&quot;unit&quot;:&quot;px&quot;,&quot;size&quot;:&quot;&quot;,&quot;sizes&quot;:[]}}\" data-widget_type=\"image.default\">\n\t\t\t\t<div class=\"elementor-widget-container\">\n\t\t\t\t\t\t\t\t\t\t\t\t\t\t\t\t<a href=\"https:\/\/planchescontact.fr\/en\/\">\n\t\t\t\t\t\t\t<img fetchpriority=\"high\" decoding=\"async\" width=\"1290\" height=\"750\" src=\"https:\/\/planchescontact.fr\/wp-content\/uploads\/2026\/06\/logo_2026_04.png\" class=\"attachment-full size-full wp-image-12145\" alt=\"\" srcset=\"https:\/\/planchescontact.fr\/wp-content\/uploads\/2026\/06\/logo_2026_04.png 1290w, https:\/\/planchescontact.fr\/wp-content\/uploads\/2026\/06\/logo_2026_04-300x174.png 300w, https:\/\/planchescontact.fr\/wp-content\/uploads\/2026\/06\/logo_2026_04-1024x595.png 1024w, https:\/\/planchescontact.fr\/wp-content\/uploads\/2026\/06\/logo_2026_04-768x447.png 768w, https:\/\/planchescontact.fr\/wp-content\/uploads\/2026\/06\/logo_2026_04-18x10.png 18w\" sizes=\"(max-width: 1290px) 100vw, 1290px\" \/>\t\t\t\t\t\t\t\t<\/a>\n\t\t\t\t\t\t\t\t\t\t\t\t\t\t\t<\/div>\n\t\t\t\t<\/div>\n\t\t<div class=\"elementor-element elementor-element-1bb0b29 e-con-full e-flex e-con e-child\" data-id=\"1bb0b29\" data-element_type=\"container\" data-e-type=\"container\" data-settings=\"{&quot;background_background&quot;:&quot;classic&quot;}\">\n\t\t\t\t<div class=\"elementor-element elementor-element-9540d70 elementor-widget elementor-widget-text-editor\" data-id=\"9540d70\" data-element_type=\"widget\" data-e-type=\"widget\" data-widget_type=\"text-editor.default\">\n\t\t\t\t<div class=\"elementor-widget-container\">\n\t\t\t\t\t\t\t\t\t<p><strong>Festival events<br \/>in detail<br \/><\/strong><\/p>\t\t\t\t\t\t\t\t<\/div>\n\t\t\t\t<\/div>\n\t\t\t\t<\/div>\n\t\t<div class=\"elementor-element elementor-element-e76da07 e-con-full elementor-hidden-mobile e-flex e-con e-child\" data-id=\"e76da07\" data-element_type=\"container\" data-e-type=\"container\" data-settings=\"{&quot;background_background&quot;:&quot;classic&quot;}\">\n\t\t\t\t<\/div>\n\t\t<div class=\"elementor-element elementor-element-2a7467c e-con-full elementor-hidden-mobile e-flex e-con e-child\" data-id=\"2a7467c\" data-element_type=\"container\" data-e-type=\"container\" data-settings=\"{&quot;background_background&quot;:&quot;classic&quot;}\">\n\t\t\t\t<\/div>\n\t\t<div class=\"elementor-element elementor-element-41374ab e-con-full elementor-hidden-mobile e-flex e-con e-child\" data-id=\"41374ab\" data-element_type=\"container\" data-e-type=\"container\" data-settings=\"{&quot;background_background&quot;:&quot;classic&quot;}\">\n\t\t\t\t<\/div>\n\t\t\t\t<\/div>\n\t\t<div class=\"elementor-element elementor-element-789551d e-con-full e-flex e-con e-child\" data-id=\"789551d\" data-element_type=\"container\" data-e-type=\"container\">\n\t\t<div class=\"elementor-element elementor-element-0a2614f e-con-full e-flex e-con e-child\" data-id=\"0a2614f\" data-element_type=\"container\" data-e-type=\"container\">\n\t\t\t\t<div class=\"elementor-element elementor-element-9f11b21 elementor-widget elementor-widget-text-editor\" data-id=\"9f11b21\" data-element_type=\"widget\" data-e-type=\"widget\" data-widget_type=\"text-editor.default\">\n\t\t\t\t<div class=\"elementor-widget-container\">\n\t\t\t\t\t\t\t\t\t<p><span style=\"text-decoration: underline;\">october<\/span><\/p>\t\t\t\t\t\t\t\t<\/div>\n\t\t\t\t<\/div>\n\t\t\t\t<\/div>\n\t\t<div class=\"elementor-element elementor-element-4c65562 e-grid e-con-full e-con e-child\" data-id=\"4c65562\" data-element_type=\"container\" data-e-type=\"container\">\n\t\t<div class=\"elementor-element elementor-element-315c5e7 e-con-full e-flex e-con e-child\" data-id=\"315c5e7\" data-element_type=\"container\" data-e-type=\"container\" data-settings=\"{&quot;background_background&quot;:&quot;classic&quot;}\">\n\t\t\t\t<div class=\"elementor-element elementor-element-0162478 elementor-widget elementor-widget-text-editor\" data-id=\"0162478\" data-element_type=\"widget\" data-e-type=\"widget\" data-widget_type=\"text-editor.default\">\n\t\t\t\t<div class=\"elementor-widget-container\">\n\t\t\t\t\t\t\t\t\t<p>pop-up shop<\/p>\t\t\t\t\t\t\t\t<\/div>\n\t\t\t\t<\/div>\n\t\t\t\t<div class=\"elementor-element elementor-element-96c01a2 elementor-widget elementor-widget-image\" data-id=\"96c01a2\" data-element_type=\"widget\" data-e-type=\"widget\" data-widget_type=\"image.default\">\n\t\t\t\t<div class=\"elementor-widget-container\">\n\t\t\t\t\t\t\t\t\t\t\t\t\t\t\t<img decoding=\"async\" width=\"800\" height=\"527\" src=\"https:\/\/planchescontact.fr\/wp-content\/uploads\/2026\/06\/PODA_-3-1024x675.jpg\" class=\"attachment-large size-large wp-image-11764\" alt=\"\" srcset=\"https:\/\/planchescontact.fr\/wp-content\/uploads\/2026\/06\/PODA_-3-1024x675.jpg 1024w, https:\/\/planchescontact.fr\/wp-content\/uploads\/2026\/06\/PODA_-3-300x198.jpg 300w, https:\/\/planchescontact.fr\/wp-content\/uploads\/2026\/06\/PODA_-3-768x506.jpg 768w, https:\/\/planchescontact.fr\/wp-content\/uploads\/2026\/06\/PODA_-3-1536x1012.jpg 1536w, https:\/\/planchescontact.fr\/wp-content\/uploads\/2026\/06\/PODA_-3-18x12.jpg 18w, https:\/\/planchescontact.fr\/wp-content\/uploads\/2026\/06\/PODA_-3.jpg 2000w\" sizes=\"(max-width: 800px) 100vw, 800px\" \/>\t\t\t\t\t\t\t\t\t\t\t\t\t\t\t<\/div>\n\t\t\t\t<\/div>\n\t\t\t\t<div class=\"elementor-element elementor-element-9bfc9ad elementor-widget elementor-widget-text-editor\" data-id=\"9bfc9ad\" data-element_type=\"widget\" data-e-type=\"widget\" data-widget_type=\"text-editor.default\">\n\t\t\t\t<div class=\"elementor-widget-container\">\n\t\t\t\t\t\t\t\t\t<p><strong>From Saturday 17 October to Sunday 1 November \u2013 10.30 am\u20131.30 pm and 2.30 pm\u20135.30 pm<\/strong><\/p>\t\t\t\t\t\t\t\t<\/div>\n\t\t\t\t<\/div>\n\t\t\t\t<div class=\"elementor-element elementor-element-d8f7583 elementor-widget elementor-widget-text-editor\" data-id=\"d8f7583\" data-element_type=\"widget\" data-e-type=\"widget\" data-widget_type=\"text-editor.default\">\n\t\t\t\t<div class=\"elementor-widget-container\">\n\t\t\t\t\t\t\t\t\t<p><strong>Seafront <\/strong>\u2013 Place Claude Lelouch<\/p>\t\t\t\t\t\t\t\t<\/div>\n\t\t\t\t<\/div>\n\t\t\t\t<div class=\"elementor-element elementor-element-83433c2 elementor-widget elementor-widget-text-editor\" data-id=\"83433c2\" data-element_type=\"widget\" data-e-type=\"widget\" data-widget_type=\"text-editor.default\">\n\t\t\t\t<div class=\"elementor-widget-container\">\n\t\t\t\t\t\t\t\t\t<p>PODA, a little work of art<\/p>\t\t\t\t\t\t\t\t<\/div>\n\t\t\t\t<\/div>\n\t\t\t\t<div class=\"elementor-element elementor-element-c6b731a elementor-widget elementor-widget-text-editor\" data-id=\"c6b731a\" data-element_type=\"widget\" data-e-type=\"widget\" data-widget_type=\"text-editor.default\">\n\t\t\t\t<div class=\"elementor-widget-container\">\n\t\t\t\t\t\t\t\t\t<p>Planches Contact Festival &amp; PODA<\/p>\t\t\t\t\t\t\t\t<\/div>\n\t\t\t\t<\/div>\n\t\t\t\t<div class=\"elementor-element elementor-element-503cba4 elementor-widget elementor-widget-text-editor\" data-id=\"503cba4\" data-element_type=\"widget\" data-e-type=\"widget\" data-widget_type=\"text-editor.default\">\n\t\t\t\t<div class=\"elementor-widget-container\">\n\t\t\t\t\t\t\t\t\t<p>_<br \/><strong>Throughout the All Saints\u2019 Day holidays, the Place Claude Lelouch will be hosting the pop-up shop PODA \u2013 La Petite \u0152uvre d\u2019Art.<\/strong><\/p><p>Designed to make fine art photography accessible to as many people as possible, PODA offers fine art prints in a unique 9 \u00d7 12 cm format, presented in a box that serves as both a frame and a hanging system.<\/p><p>A simple and original way to start a collection or to give a photograph as a gift. <br \/>To mark the occasion, the shop will also reflect the Planches Contact programme through a selection of works and a number of surprises devised especially for this 17th edition.<\/p>\t\t\t\t\t\t\t\t<\/div>\n\t\t\t\t<\/div>\n\t\t\t\t<div class=\"elementor-element elementor-element-ad28e6e elementor-absolute elementor-widget elementor-widget-text-editor\" data-id=\"ad28e6e\" data-element_type=\"widget\" data-e-type=\"widget\" data-settings=\"{&quot;_position&quot;:&quot;absolute&quot;}\" data-widget_type=\"text-editor.default\">\n\t\t\t\t<div class=\"elementor-widget-container\">\n\t\t\t\t\t\t\t\t\t<p><a href=\"https:\/\/www.poda-photo.com\/\" target=\"_blank\" rel=\"noopener\">&gt;&gt;&gt; Visit the online shop<\/a><\/p>\t\t\t\t\t\t\t\t<\/div>\n\t\t\t\t<\/div>\n\t\t\t\t<\/div>\n\t\t<div class=\"elementor-element elementor-element-cfb4010 e-con-full e-flex e-con e-child\" data-id=\"cfb4010\" data-element_type=\"container\" data-e-type=\"container\" data-settings=\"{&quot;background_background&quot;:&quot;classic&quot;}\">\n\t\t\t\t<div class=\"elementor-element elementor-element-39dfd71 elementor-widget elementor-widget-text-editor\" data-id=\"39dfd71\" data-element_type=\"widget\" data-e-type=\"widget\" data-widget_type=\"text-editor.default\">\n\t\t\t\t<div class=\"elementor-widget-container\">\n\t\t\t\t\t\t\t\t\t<p>a well-stocked shop<\/p>\t\t\t\t\t\t\t\t<\/div>\n\t\t\t\t<\/div>\n\t\t\t\t<div class=\"elementor-element elementor-element-e9b2968 elementor-widget elementor-widget-image\" data-id=\"e9b2968\" data-element_type=\"widget\" data-e-type=\"widget\" data-widget_type=\"image.default\">\n\t\t\t\t<div class=\"elementor-widget-container\">\n\t\t\t\t\t\t\t\t\t\t\t\t\t\t\t<img decoding=\"async\" width=\"800\" height=\"612\" src=\"https:\/\/planchescontact.fr\/wp-content\/uploads\/2026\/08\/boutique-genereuse-1024x783.jpg\" class=\"attachment-large size-large wp-image-12762\" alt=\"\" srcset=\"https:\/\/planchescontact.fr\/wp-content\/uploads\/2026\/08\/boutique-genereuse-1024x783.jpg 1024w, https:\/\/planchescontact.fr\/wp-content\/uploads\/2026\/08\/boutique-genereuse-300x229.jpg 300w, https:\/\/planchescontact.fr\/wp-content\/uploads\/2026\/08\/boutique-genereuse-768x587.jpg 768w, https:\/\/planchescontact.fr\/wp-content\/uploads\/2026\/08\/boutique-genereuse-16x12.jpg 16w, https:\/\/planchescontact.fr\/wp-content\/uploads\/2026\/08\/boutique-genereuse.jpg 1500w\" sizes=\"(max-width: 800px) 100vw, 800px\" \/>\t\t\t\t\t\t\t\t\t\t\t\t\t\t\t<\/div>\n\t\t\t\t<\/div>\n\t\t\t\t<div class=\"elementor-element elementor-element-452da09 elementor-widget elementor-widget-text-editor\" data-id=\"452da09\" data-element_type=\"widget\" data-e-type=\"widget\" data-widget_type=\"text-editor.default\">\n\t\t\t\t<div class=\"elementor-widget-container\">\n\t\t\t\t\t\t\t\t\t<p><strong>From Saturday 17 October to Sunday 3 January \u2013 10.30 am\u20136.30 pm<\/strong><\/p>\t\t\t\t\t\t\t\t<\/div>\n\t\t\t\t<\/div>\n\t\t\t\t<div class=\"elementor-element elementor-element-96e8eb7 elementor-widget elementor-widget-text-editor\" data-id=\"96e8eb7\" data-element_type=\"widget\" data-e-type=\"widget\" data-widget_type=\"text-editor.default\">\n\t\t\t\t<div class=\"elementor-widget-container\">\n\t\t\t\t\t\t\t\t\t<p><strong>Les franciscaines <\/strong>&#8211; 145b, av. de la r\u00e9publique<\/p>\t\t\t\t\t\t\t\t<\/div>\n\t\t\t\t<\/div>\n\t\t\t\t<div class=\"elementor-element elementor-element-194ded0 elementor-widget elementor-widget-text-editor\" data-id=\"194ded0\" data-element_type=\"widget\" data-e-type=\"widget\" data-widget_type=\"text-editor.default\">\n\t\t\t\t<div class=\"elementor-widget-container\">\n\t\t\t\t\t\t\t\t\t<p>the photo4food foundation\u2019s charity shop <em>photo4food<\/em><\/p>\t\t\t\t\t\t\t\t<\/div>\n\t\t\t\t<\/div>\n\t\t\t\t<div class=\"elementor-element elementor-element-f93225c elementor-widget elementor-widget-text-editor\" data-id=\"f93225c\" data-element_type=\"widget\" data-e-type=\"widget\" data-widget_type=\"text-editor.default\">\n\t\t\t\t<div class=\"elementor-widget-container\">\n\t\t\t\t\t\t\t\t\t<p>Planches Contact Festival &amp; fondation <em>photo4food<\/em><\/p>\t\t\t\t\t\t\t\t<\/div>\n\t\t\t\t<\/div>\n\t\t\t\t<div class=\"elementor-element elementor-element-5b09a89 elementor-widget elementor-widget-text-editor\" data-id=\"5b09a89\" data-element_type=\"widget\" data-e-type=\"widget\" data-widget_type=\"text-editor.default\">\n\t\t\t\t<div class=\"elementor-widget-container\">\n\t\t\t\t\t\t\t\t\t<p>_<br \/><strong>What if buying a photograph could also make a difference?<\/strong><\/p><p>With the photo4food Foundation\u2019s \u2018Boutique G\u00e9n\u00e9reuse\u2019 <em>photo4food,<\/em> Anyone can purchase an original photograph, framed, certified and offered at a single price. All proceeds are donated to the Red Cross, making every purchase a tangible act of solidarity.<\/p><p>A wonderful opportunity to start a collection, treat yourself to something you\u2019ve had your eye on, or give a meaningful gift. A loyal partner of the Planches Contact Festival since 2020, the foundation <em>photo4food<\/em> It also supports four photographers in residence each year and continues its commitment to contemporary art and charitable initiatives.<\/p>\t\t\t\t\t\t\t\t<\/div>\n\t\t\t\t<\/div>\n\t\t\t\t<div class=\"elementor-element elementor-element-7ae133f elementor-absolute elementor-widget elementor-widget-text-editor\" data-id=\"7ae133f\" data-element_type=\"widget\" data-e-type=\"widget\" data-settings=\"{&quot;_position&quot;:&quot;absolute&quot;}\" data-widget_type=\"text-editor.default\">\n\t\t\t\t<div class=\"elementor-widget-container\">\n\t\t\t\t\t\t\t\t\t<p><a href=\"https:\/\/www.fondationphoto4food.com\/boutique\" target=\"_blank\" rel=\"noopener\">&gt;&gt;&gt; Visit the online shop<\/a><\/p>\t\t\t\t\t\t\t\t<\/div>\n\t\t\t\t<\/div>\n\t\t\t\t<\/div>\n\t\t<div class=\"elementor-element elementor-element-4a49f51 e-con-full e-flex e-con e-child\" data-id=\"4a49f51\" data-element_type=\"container\" data-e-type=\"container\" data-settings=\"{&quot;background_background&quot;:&quot;classic&quot;}\">\n\t\t\t\t<div class=\"elementor-element elementor-element-6d58264 elementor-widget elementor-widget-text-editor\" data-id=\"6d58264\" data-element_type=\"widget\" data-e-type=\"widget\" data-widget_type=\"text-editor.default\">\n\t\t\t\t<div class=\"elementor-widget-container\">\n\t\t\t\t\t\t\t\t\t<p>meeting<\/p>\t\t\t\t\t\t\t\t<\/div>\n\t\t\t\t<\/div>\n\t\t\t\t<div class=\"elementor-element elementor-element-b58ed01 elementor-widget elementor-widget-image\" data-id=\"b58ed01\" data-element_type=\"widget\" data-e-type=\"widget\" data-widget_type=\"image.default\">\n\t\t\t\t<div class=\"elementor-widget-container\">\n\t\t\t\t\t\t\t\t\t\t\t\t\t\t\t<img loading=\"lazy\" decoding=\"async\" width=\"800\" height=\"502\" src=\"https:\/\/planchescontact.fr\/wp-content\/uploads\/2026\/08\/\u00a9Heinrich-Kuhn-1024x643.jpg\" class=\"attachment-large size-large wp-image-12647\" alt=\"\" srcset=\"https:\/\/planchescontact.fr\/wp-content\/uploads\/2026\/08\/\u00a9Heinrich-Kuhn-1024x643.jpg 1024w, https:\/\/planchescontact.fr\/wp-content\/uploads\/2026\/08\/\u00a9Heinrich-Kuhn-300x188.jpg 300w, https:\/\/planchescontact.fr\/wp-content\/uploads\/2026\/08\/\u00a9Heinrich-Kuhn-768x482.jpg 768w, https:\/\/planchescontact.fr\/wp-content\/uploads\/2026\/08\/\u00a9Heinrich-Kuhn-18x12.jpg 18w, https:\/\/planchescontact.fr\/wp-content\/uploads\/2026\/08\/\u00a9Heinrich-Kuhn.jpg 1500w\" sizes=\"(max-width: 800px) 100vw, 800px\" \/>\t\t\t\t\t\t\t\t\t\t\t\t\t\t\t<\/div>\n\t\t\t\t<\/div>\n\t\t\t\t<div class=\"elementor-element elementor-element-2bb1b57 elementor-widget elementor-widget-text-editor\" data-id=\"2bb1b57\" data-element_type=\"widget\" data-e-type=\"widget\" data-widget_type=\"text-editor.default\">\n\t\t\t\t<div class=\"elementor-widget-container\">\n\t\t\t\t\t\t\t\t\t<p><strong>Tuesday 20 October \u2013 4.00 pm<\/strong><\/p>\t\t\t\t\t\t\t\t<\/div>\n\t\t\t\t<\/div>\n\t\t\t\t<div class=\"elementor-element elementor-element-838ea1d elementor-widget elementor-widget-text-editor\" data-id=\"838ea1d\" data-element_type=\"widget\" data-e-type=\"widget\" data-widget_type=\"text-editor.default\">\n\t\t\t\t<div class=\"elementor-widget-container\">\n\t\t\t\t\t\t\t\t\t<p><strong>La Chapelle<\/strong> &#8211; 145b, av. de la r\u00e9publique<\/p>\t\t\t\t\t\t\t\t<\/div>\n\t\t\t\t<\/div>\n\t\t\t\t<div class=\"elementor-element elementor-element-93d6839 elementor-widget elementor-widget-text-editor\" data-id=\"93d6839\" data-element_type=\"widget\" data-e-type=\"widget\" data-widget_type=\"text-editor.default\">\n\t\t\t\t<div class=\"elementor-widget-container\">\n\t\t\t\t\t\t\t\t\t<p>Dreaming the World: A History of Pictorialism in Photography<\/p>\t\t\t\t\t\t\t\t<\/div>\n\t\t\t\t<\/div>\n\t\t\t\t<div class=\"elementor-element elementor-element-355e42c elementor-widget elementor-widget-text-editor\" data-id=\"355e42c\" data-element_type=\"widget\" data-e-type=\"widget\" data-widget_type=\"text-editor.default\">\n\t\t\t\t<div class=\"elementor-widget-container\">\n\t\t\t\t\t\t\t\t\t<p>Planches Contact Festival<\/p>\t\t\t\t\t\t\t\t<\/div>\n\t\t\t\t<\/div>\n\t\t\t\t<div class=\"elementor-element elementor-element-67ca544 elementor-widget elementor-widget-text-editor\" data-id=\"67ca544\" data-element_type=\"widget\" data-e-type=\"widget\" data-widget_type=\"text-editor.default\">\n\t\t\t\t<div class=\"elementor-widget-container\">\n\t\t\t\t\t\t\t\t\t<p>_<br \/><strong>Tina Merandon<\/strong> examines Pictorialism, a movement that emerged around 1890 and sought to rival painting. It traces its key aesthetic principles and various schools of thought, and explains why this movement left its mark on the history of photography, as well as how it continues to influence certain contemporary practices today.<\/p><p>Photographer, speaker and guest of the foundation <em>photo4food<\/em> For this 17th edition of the Planches Contact Festival, Tina Merandon is presenting a talk open to everyone, from the simply curious to the most passionate enthusiasts. As a lecturer at the Sorbonne specialising in preparation for the external agr\u00e9gation examinations, she combines historical rigour with visual delight to recount the key milestones in the history of photography and bring to light figures who have sometimes been forgotten. Her exhibition *Soudain la m\u00eal\u00e9e*, created as part of her residency at the festival, can be seen on Deauville beach until 3 January.<\/p><p><span style=\"text-decoration: underline;\">Full price: \u20ac5 \/ free for subscribers<\/span><\/p>\t\t\t\t\t\t\t\t<\/div>\n\t\t\t\t<\/div>\n\t\t\t\t<div class=\"elementor-element elementor-element-8c0e873 elementor-absolute elementor-widget elementor-widget-text-editor\" data-id=\"8c0e873\" data-element_type=\"widget\" data-e-type=\"widget\" data-settings=\"{&quot;_position&quot;:&quot;absolute&quot;}\" data-widget_type=\"text-editor.default\">\n\t\t\t\t<div class=\"elementor-widget-container\">\n\t\t\t\t\t\t\t\t\t<p><a href=\"https:\/\/lesfranciscaines.fr\/fr\/programmation\/tina-merandon\" target=\"_blank\" rel=\"noopener\">&gt;&gt;&gt; Booking<\/a><\/p>\t\t\t\t\t\t\t\t<\/div>\n\t\t\t\t<\/div>\n\t\t\t\t<\/div>\n\t\t<div class=\"elementor-element elementor-element-d61c243 e-con-full e-flex e-con e-child\" data-id=\"d61c243\" data-element_type=\"container\" data-e-type=\"container\" data-settings=\"{&quot;background_background&quot;:&quot;classic&quot;}\">\n\t\t\t\t<div class=\"elementor-element elementor-element-f2359a1 elementor-widget elementor-widget-text-editor\" data-id=\"f2359a1\" data-element_type=\"widget\" data-e-type=\"widget\" data-widget_type=\"text-editor.default\">\n\t\t\t\t<div class=\"elementor-widget-container\">\n\t\t\t\t\t\t\t\t\t<p>projections<\/p>\t\t\t\t\t\t\t\t<\/div>\n\t\t\t\t<\/div>\n\t\t\t\t<div class=\"elementor-element elementor-element-b1e0494 elementor-widget elementor-widget-image\" data-id=\"b1e0494\" data-element_type=\"widget\" data-e-type=\"widget\" data-widget_type=\"image.default\">\n\t\t\t\t<div class=\"elementor-widget-container\">\n\t\t\t\t\t\t\t\t\t\t\t\t\t\t\t<img loading=\"lazy\" decoding=\"async\" width=\"800\" height=\"450\" src=\"https:\/\/planchescontact.fr\/wp-content\/uploads\/2026\/08\/LOCHJU-credit-Nicolas-Serve-1024x576.jpg\" class=\"attachment-large size-large wp-image-12652\" alt=\"\" srcset=\"https:\/\/planchescontact.fr\/wp-content\/uploads\/2026\/08\/LOCHJU-credit-Nicolas-Serve-1024x576.jpg 1024w, https:\/\/planchescontact.fr\/wp-content\/uploads\/2026\/08\/LOCHJU-credit-Nicolas-Serve-300x169.jpg 300w, https:\/\/planchescontact.fr\/wp-content\/uploads\/2026\/08\/LOCHJU-credit-Nicolas-Serve-768x432.jpg 768w, https:\/\/planchescontact.fr\/wp-content\/uploads\/2026\/08\/LOCHJU-credit-Nicolas-Serve-18x10.jpg 18w, https:\/\/planchescontact.fr\/wp-content\/uploads\/2026\/08\/LOCHJU-credit-Nicolas-Serve.jpg 1500w\" sizes=\"(max-width: 800px) 100vw, 800px\" \/>\t\t\t\t\t\t\t\t\t\t\t\t\t\t\t<\/div>\n\t\t\t\t<\/div>\n\t\t\t\t<div class=\"elementor-element elementor-element-3f175b7 elementor-widget elementor-widget-text-editor\" data-id=\"3f175b7\" data-element_type=\"widget\" data-e-type=\"widget\" data-widget_type=\"text-editor.default\">\n\t\t\t\t<div class=\"elementor-widget-container\">\n\t\t\t\t\t\t\t\t\t<p><strong>Thursday 22 October \u2013 6.00 pm<\/strong><\/p>\t\t\t\t\t\t\t\t<\/div>\n\t\t\t\t<\/div>\n\t\t\t\t<div class=\"elementor-element elementor-element-443b60a elementor-widget elementor-widget-text-editor\" data-id=\"443b60a\" data-element_type=\"widget\" data-e-type=\"widget\" data-widget_type=\"text-editor.default\">\n\t\t\t\t<div class=\"elementor-widget-container\">\n\t\t\t\t\t\t\t\t\t<p><strong>La Chapelle<\/strong> &#8211; 145b, av. de la r\u00e9publique<\/p>\t\t\t\t\t\t\t\t<\/div>\n\t\t\t\t<\/div>\n\t\t\t\t<div class=\"elementor-element elementor-element-c06ab33 elementor-widget elementor-widget-text-editor\" data-id=\"c06ab33\" data-element_type=\"widget\" data-e-type=\"widget\" data-widget_type=\"text-editor.default\">\n\t\t\t\t<div class=\"elementor-widget-container\">\n\t\t\t\t\t\t\t\t\t<p>Generations \u2013 carte blanche at the Les Nuits Photos festival<\/p>\t\t\t\t\t\t\t\t<\/div>\n\t\t\t\t<\/div>\n\t\t\t\t<div class=\"elementor-element elementor-element-ae9a86a elementor-widget elementor-widget-text-editor\" data-id=\"ae9a86a\" data-element_type=\"widget\" data-e-type=\"widget\" data-widget_type=\"text-editor.default\">\n\t\t\t\t<div class=\"elementor-widget-container\">\n\t\t\t\t\t\t\t\t\t<p>Planches Contact Festival &amp; festival Les Nuits Photos<\/p>\t\t\t\t\t\t\t\t<\/div>\n\t\t\t\t<\/div>\n\t\t\t\t<div class=\"elementor-element elementor-element-09a7e20 elementor-widget elementor-widget-text-editor\" data-id=\"09a7e20\" data-element_type=\"widget\" data-e-type=\"widget\" data-widget_type=\"text-editor.default\">\n\t\t\t\t<div class=\"elementor-widget-container\">\n\t\t\t\t\t\t\t\t\t<p>_<br \/>Planches Contact Festival gives the festival free rein<strong> les Nuits Photos &#8211; LNP,<\/strong> A festival that is part of the LUX network, hosting an evening dedicated to film photography.<\/p><p>Through around ten projected works, photography moves beyond the confines of the still image to become narrative, rhythm or experience, blending archive material, sound compositions, texts, editing and contemporary images.<\/p><p>Spanning family histories, collective memories, transformed landscapes, quests for identity and poetic manifestos, these films explore the many ways in which images transcend time and connect us to one another. The screening will be followed by a discussion with the audience, inviting them to reflect further on the works and to exchange views on perspectives, styles and new forms of photographic creation.<\/p><p><span style=\"text-decoration: underline;\">Free of charge, subject to booking (required)<\/span><\/p>\t\t\t\t\t\t\t\t<\/div>\n\t\t\t\t<\/div>\n\t\t\t\t<div class=\"elementor-element elementor-element-5bdc58f elementor-absolute elementor-widget elementor-widget-text-editor\" data-id=\"5bdc58f\" data-element_type=\"widget\" data-e-type=\"widget\" data-settings=\"{&quot;_position&quot;:&quot;absolute&quot;}\" data-widget_type=\"text-editor.default\">\n\t\t\t\t<div class=\"elementor-widget-container\">\n\t\t\t\t\t\t\t\t\t<p><a href=\"https:\/\/lesfranciscaines.fr\/fr\/programmation\/generations-carte-blanche-au-festival-les-nuits-photos\" target=\"_blank\" rel=\"noopener\">&gt;&gt;&gt; Booking<\/a><\/p>\t\t\t\t\t\t\t\t<\/div>\n\t\t\t\t<\/div>\n\t\t\t\t<\/div>\n\t\t\t\t<\/div>\n\t\t<div class=\"elementor-element elementor-element-e850a46 e-con-full e-flex e-con e-child\" data-id=\"e850a46\" data-element_type=\"container\" data-e-type=\"container\">\n\t\t\t\t<div class=\"elementor-element elementor-element-1ab6b13 elementor-widget elementor-widget-text-editor\" data-id=\"1ab6b13\" data-element_type=\"widget\" data-e-type=\"widget\" data-widget_type=\"text-editor.default\">\n\t\t\t\t<div class=\"elementor-widget-container\">\n\t\t\t\t\t\t\t\t\t<p><span style=\"text-decoration: underline;\">opening weekend<\/span><\/p>\t\t\t\t\t\t\t\t<\/div>\n\t\t\t\t<\/div>\n\t\t\t\t<\/div>\n\t\t<div class=\"elementor-element elementor-element-72664ee e-grid e-con-full e-con e-child\" data-id=\"72664ee\" data-element_type=\"container\" data-e-type=\"container\">\n\t\t<div class=\"elementor-element elementor-element-ef7a5d6 e-con-full e-flex e-con e-child\" data-id=\"ef7a5d6\" data-element_type=\"container\" data-e-type=\"container\" data-settings=\"{&quot;background_background&quot;:&quot;classic&quot;}\">\n\t\t\t\t<div class=\"elementor-element elementor-element-09207ee elementor-widget elementor-widget-text-editor\" data-id=\"09207ee\" data-element_type=\"widget\" data-e-type=\"widget\" data-widget_type=\"text-editor.default\">\n\t\t\t\t<div class=\"elementor-widget-container\">\n\t\t\t\t\t\t\t\t\t<p>portfolios<\/p>\t\t\t\t\t\t\t\t<\/div>\n\t\t\t\t<\/div>\n\t\t\t\t<div class=\"elementor-element elementor-element-6a83473 elementor-widget elementor-widget-image\" data-id=\"6a83473\" data-element_type=\"widget\" data-e-type=\"widget\" data-widget_type=\"image.default\">\n\t\t\t\t<div class=\"elementor-widget-container\">\n\t\t\t\t\t\t\t\t\t\t\t\t\t\t\t<img loading=\"lazy\" decoding=\"async\" width=\"800\" height=\"472\" src=\"https:\/\/planchescontact.fr\/wp-content\/uploads\/2026\/06\/portfolio_chiara-1024x604.jpg\" class=\"attachment-large size-large wp-image-11777\" alt=\"\" srcset=\"https:\/\/planchescontact.fr\/wp-content\/uploads\/2026\/06\/portfolio_chiara-1024x604.jpg 1024w, https:\/\/planchescontact.fr\/wp-content\/uploads\/2026\/06\/portfolio_chiara-300x177.jpg 300w, https:\/\/planchescontact.fr\/wp-content\/uploads\/2026\/06\/portfolio_chiara-768x453.jpg 768w, https:\/\/planchescontact.fr\/wp-content\/uploads\/2026\/06\/portfolio_chiara-18x12.jpg 18w, https:\/\/planchescontact.fr\/wp-content\/uploads\/2026\/06\/portfolio_chiara.jpg 1422w\" sizes=\"(max-width: 800px) 100vw, 800px\" \/>\t\t\t\t\t\t\t\t\t\t\t\t\t\t\t<\/div>\n\t\t\t\t<\/div>\n\t\t\t\t<div class=\"elementor-element elementor-element-f7edc0f elementor-widget elementor-widget-text-editor\" data-id=\"f7edc0f\" data-element_type=\"widget\" data-e-type=\"widget\" data-widget_type=\"text-editor.default\">\n\t\t\t\t<div class=\"elementor-widget-container\">\n\t\t\t\t\t\t\t\t\t<p><strong>Friday 23 and Sunday 25 October \u2013 10.30 am\u20131.00 pm and 2.30 pm\u20135.30 pm<\/strong><\/p>\t\t\t\t\t\t\t\t<\/div>\n\t\t\t\t<\/div>\n\t\t\t\t<div class=\"elementor-element elementor-element-31fb30f elementor-widget elementor-widget-text-editor\" data-id=\"31fb30f\" data-element_type=\"widget\" data-e-type=\"widget\" data-widget_type=\"text-editor.default\">\n\t\t\t\t<div class=\"elementor-widget-container\">\n\t\t\t\t\t\t\t\t\t<p><strong>La Villa Namouna<\/strong> &#8211; 4 Rue Tristan Bernard, Deauville<\/p>\t\t\t\t\t\t\t\t<\/div>\n\t\t\t\t<\/div>\n\t\t\t\t<div class=\"elementor-element elementor-element-b77800c elementor-widget elementor-widget-text-editor\" data-id=\"b77800c\" data-element_type=\"widget\" data-e-type=\"widget\" data-widget_type=\"text-editor.default\">\n\t\t\t\t<div class=\"elementor-widget-container\">\n\t\t\t\t\t\t\t\t\t<p>portfolio reviews<\/p>\t\t\t\t\t\t\t\t<\/div>\n\t\t\t\t<\/div>\n\t\t\t\t<div class=\"elementor-element elementor-element-073df87 elementor-widget elementor-widget-text-editor\" data-id=\"073df87\" data-element_type=\"widget\" data-e-type=\"widget\" data-widget_type=\"text-editor.default\">\n\t\t\t\t<div class=\"elementor-widget-container\">\n\t\t\t\t\t\t\t\t\t<p>Planches Contact Festival<\/p>\t\t\t\t\t\t\t\t<\/div>\n\t\t\t\t<\/div>\n\t\t\t\t<div class=\"elementor-element elementor-element-bc80ce2 elementor-widget elementor-widget-text-editor\" data-id=\"bc80ce2\" data-element_type=\"widget\" data-e-type=\"widget\" data-widget_type=\"text-editor.default\">\n\t\t\t\t<div class=\"elementor-widget-container\">\n\t\t\t\t\t\t\t\t\t<p>_<br \/>Portfolio reviews offer photographers, whether beginners or experienced, a unique opportunity to present their work to imaging experts. This essential opportunity for discussion is taking place for the first time at the festival\u2019s main venue: <strong>La Villa Namouna,<\/strong> to nurture their practice and take their projects forward.<\/p><p>Portfolio reviews are open to all photographers seeking constructive feedback on their work.<\/p><p>During twenty-minute one-to-one meetings, they have the opportunity to meet professionals from the visual arts world: gallery owners, curators, critics, image editors, publishers and festival directors.<\/p><p>These exchanges provide an outside perspective, helping artists to refine their artistic approach, adjust their visual narrative or explore new avenues.<\/p>\t\t\t\t\t\t\t\t<\/div>\n\t\t\t\t<\/div>\n\t\t\t\t<div class=\"elementor-element elementor-element-f02148c elementor-absolute elementor-widget elementor-widget-text-editor\" data-id=\"f02148c\" data-element_type=\"widget\" data-e-type=\"widget\" data-settings=\"{&quot;_position&quot;:&quot;absolute&quot;}\" data-widget_type=\"text-editor.default\">\n\t\t\t\t<div class=\"elementor-widget-container\">\n\t\t\t\t\t\t\t\t\t<p>&gt;&gt;&gt; Further details and registration in September<\/p>\t\t\t\t\t\t\t\t<\/div>\n\t\t\t\t<\/div>\n\t\t\t\t<\/div>\n\t\t<div class=\"elementor-element elementor-element-3a37ef3 e-con-full e-flex e-con e-child\" data-id=\"3a37ef3\" data-element_type=\"container\" data-e-type=\"container\" data-settings=\"{&quot;background_background&quot;:&quot;classic&quot;}\">\n\t\t\t\t<div class=\"elementor-element elementor-element-f05a731 elementor-widget elementor-widget-text-editor\" data-id=\"f05a731\" data-element_type=\"widget\" data-e-type=\"widget\" data-widget_type=\"text-editor.default\">\n\t\t\t\t<div class=\"elementor-widget-container\">\n\t\t\t\t\t\t\t\t\t<p>plan\u00e8te initial<\/p>\t\t\t\t\t\t\t\t<\/div>\n\t\t\t\t<\/div>\n\t\t\t\t<div class=\"elementor-element elementor-element-189b0c4 elementor-widget elementor-widget-image\" data-id=\"189b0c4\" data-element_type=\"widget\" data-e-type=\"widget\" data-widget_type=\"image.default\">\n\t\t\t\t<div class=\"elementor-widget-container\">\n\t\t\t\t\t\t\t\t\t\t\t\t\t\t\t<img loading=\"lazy\" decoding=\"async\" width=\"800\" height=\"541\" src=\"https:\/\/planchescontact.fr\/wp-content\/uploads\/2026\/08\/tirage-1024x692.jpg\" class=\"attachment-large size-large wp-image-12656\" alt=\"\" srcset=\"https:\/\/planchescontact.fr\/wp-content\/uploads\/2026\/08\/tirage-1024x692.jpg 1024w, https:\/\/planchescontact.fr\/wp-content\/uploads\/2026\/08\/tirage-300x203.jpg 300w, https:\/\/planchescontact.fr\/wp-content\/uploads\/2026\/08\/tirage-768x519.jpg 768w, https:\/\/planchescontact.fr\/wp-content\/uploads\/2026\/08\/tirage-18x12.jpg 18w, https:\/\/planchescontact.fr\/wp-content\/uploads\/2026\/08\/tirage.jpg 1500w\" sizes=\"(max-width: 800px) 100vw, 800px\" \/>\t\t\t\t\t\t\t\t\t\t\t\t\t\t\t<\/div>\n\t\t\t\t<\/div>\n\t\t\t\t<div class=\"elementor-element elementor-element-366a92c elementor-widget elementor-widget-text-editor\" data-id=\"366a92c\" data-element_type=\"widget\" data-e-type=\"widget\" data-widget_type=\"text-editor.default\">\n\t\t\t\t<div class=\"elementor-widget-container\">\n\t\t\t\t\t\t\t\t\t<p><strong>Friday 23 to Sunday 25 October \u2013 10.30 am\u20136.30 pm<\/strong><\/p>\t\t\t\t\t\t\t\t<\/div>\n\t\t\t\t<\/div>\n\t\t\t\t<div class=\"elementor-element elementor-element-86c318a elementor-widget elementor-widget-text-editor\" data-id=\"86c318a\" data-element_type=\"widget\" data-e-type=\"widget\" data-widget_type=\"text-editor.default\">\n\t\t\t\t<div class=\"elementor-widget-container\">\n\t\t\t\t\t\t\t\t\t<p><strong>Le Clo\u00eetre et Salons<\/strong> &#8211; 145b, av. de la r\u00e9publique<\/p>\t\t\t\t\t\t\t\t<\/div>\n\t\t\t\t<\/div>\n\t\t\t\t<div class=\"elementor-element elementor-element-eab9c04 elementor-widget elementor-widget-text-editor\" data-id=\"eab9c04\" data-element_type=\"widget\" data-e-type=\"widget\" data-widget_type=\"text-editor.default\">\n\t\t\t\t<div class=\"elementor-widget-container\">\n\t\t\t\t\t\t\t\t\t<p>plan\u00e8te initial<\/p>\t\t\t\t\t\t\t\t<\/div>\n\t\t\t\t<\/div>\n\t\t\t\t<div class=\"elementor-element elementor-element-b5ce6ce elementor-widget elementor-widget-text-editor\" data-id=\"b5ce6ce\" data-element_type=\"widget\" data-e-type=\"widget\" data-widget_type=\"text-editor.default\">\n\t\t\t\t<div class=\"elementor-widget-container\">\n\t\t\t\t\t\t\t\t\t<p>Planches Contact Festival &amp; Initial Labo<\/p>\t\t\t\t\t\t\t\t<\/div>\n\t\t\t\t<\/div>\n\t\t\t\t<div class=\"elementor-element elementor-element-26b504f elementor-widget elementor-widget-text-editor\" data-id=\"26b504f\" data-element_type=\"widget\" data-e-type=\"widget\" data-widget_type=\"text-editor.default\">\n\t\t\t\t<div class=\"elementor-widget-container\">\n\t\t\t\t\t\t\t\t\t<p>_<br \/><strong>Initial LABO is setting up shop at Les Franciscaines with Plan\u00e8te Initial. A space open to all, where visitors can discover the skills, trades and exchanges that bring photographs to life.<\/strong><\/p><p>Photographers, printers, technicians and image professionals look forward to welcoming you to presentations on papers and printing techniques, as well as discussions and knowledge-sharing sessions. As a long-standing partner of the festival, Initial LABO shines a spotlight on those who play a vital role in bringing photographs to life. Come along over the weekend to discuss your photography projects!<\/p><p><strong>Workshops: An introductory course <\/strong><br \/><strong>from analogue photography to digital printing<\/strong><br \/>In just two hours, join Dorian to experience all the steps usually carried out in a darkroom. Taking photos, developing your negative, scanning it and printing it will hold no secrets for you! No special skills are required, and all equipment is provided.<\/p>\t\t\t\t\t\t\t\t<\/div>\n\t\t\t\t<\/div>\n\t\t\t\t<div class=\"elementor-element elementor-element-ef3ee17 elementor-absolute elementor-widget elementor-widget-text-editor\" data-id=\"ef3ee17\" data-element_type=\"widget\" data-e-type=\"widget\" data-settings=\"{&quot;_position&quot;:&quot;absolute&quot;}\" data-widget_type=\"text-editor.default\">\n\t\t\t\t<div class=\"elementor-widget-container\">\n\t\t\t\t\t\t\t\t\t<p><a href=\"https:\/\/buy.stripe.com\/5kQbJ3e6m7ju2AUejbfw405\" target=\"_blank\" rel=\"noopener\">&gt;&gt;&gt; Workshop bookings<\/a><\/p>\t\t\t\t\t\t\t\t<\/div>\n\t\t\t\t<\/div>\n\t\t\t\t<\/div>\n\t\t\t\t<\/div>\n\t\t<div class=\"elementor-element elementor-element-b5f8e23 e-grid e-con-full e-con e-child\" data-id=\"b5f8e23\" data-element_type=\"container\" data-e-type=\"container\">\n\t\t<div class=\"elementor-element elementor-element-468e9a7 e-con-full e-flex e-con e-child\" data-id=\"468e9a7\" data-element_type=\"container\" data-e-type=\"container\" data-settings=\"{&quot;background_background&quot;:&quot;classic&quot;}\">\n\t\t\t\t<div class=\"elementor-element elementor-element-6385267 elementor-widget elementor-widget-text-editor\" data-id=\"6385267\" data-element_type=\"widget\" data-e-type=\"widget\" data-widget_type=\"text-editor.default\">\n\t\t\t\t<div class=\"elementor-widget-container\">\n\t\t\t\t\t\t\t\t\t<p>memory<\/p>\t\t\t\t\t\t\t\t<\/div>\n\t\t\t\t<\/div>\n\t\t\t\t<div class=\"elementor-element elementor-element-5aa33bf elementor-widget elementor-widget-image\" data-id=\"5aa33bf\" data-element_type=\"widget\" data-e-type=\"widget\" data-widget_type=\"image.default\">\n\t\t\t\t<div class=\"elementor-widget-container\">\n\t\t\t\t\t\t\t\t\t\t\t\t\t\t\t<img loading=\"lazy\" decoding=\"async\" width=\"800\" height=\"409\" src=\"https:\/\/planchescontact.fr\/wp-content\/uploads\/2026\/08\/malle-1024x523.jpg\" class=\"attachment-large size-large wp-image-12660\" alt=\"\" srcset=\"https:\/\/planchescontact.fr\/wp-content\/uploads\/2026\/08\/malle-1024x523.jpg 1024w, https:\/\/planchescontact.fr\/wp-content\/uploads\/2026\/08\/malle-300x153.jpg 300w, https:\/\/planchescontact.fr\/wp-content\/uploads\/2026\/08\/malle-768x392.jpg 768w, https:\/\/planchescontact.fr\/wp-content\/uploads\/2026\/08\/malle-18x9.jpg 18w, https:\/\/planchescontact.fr\/wp-content\/uploads\/2026\/08\/malle.jpg 1500w\" sizes=\"(max-width: 800px) 100vw, 800px\" \/>\t\t\t\t\t\t\t\t\t\t\t\t\t\t\t<\/div>\n\t\t\t\t<\/div>\n\t\t\t\t<div class=\"elementor-element elementor-element-38aca2e elementor-widget elementor-widget-text-editor\" data-id=\"38aca2e\" data-element_type=\"widget\" data-e-type=\"widget\" data-widget_type=\"text-editor.default\">\n\t\t\t\t<div class=\"elementor-widget-container\">\n\t\t\t\t\t\t\t\t\t<p><strong>Friday 23 to Sunday 25 October \u2013 10.30 am\u20136.30 pm<\/strong><\/p>\t\t\t\t\t\t\t\t<\/div>\n\t\t\t\t<\/div>\n\t\t\t\t<div class=\"elementor-element elementor-element-e1a04fa elementor-widget elementor-widget-text-editor\" data-id=\"e1a04fa\" data-element_type=\"widget\" data-e-type=\"widget\" data-widget_type=\"text-editor.default\">\n\t\t\t\t<div class=\"elementor-widget-container\">\n\t\t\t\t\t\t\t\t\t<p><strong>Le Clo\u00eetre<\/strong>\u00a0&#8211; 145b, av. de la r\u00e9publique<\/p>\t\t\t\t\t\t\t\t<\/div>\n\t\t\t\t<\/div>\n\t\t\t\t<div class=\"elementor-element elementor-element-30d0fd2 elementor-widget elementor-widget-text-editor\" data-id=\"30d0fd2\" data-element_type=\"widget\" data-e-type=\"widget\" data-widget_type=\"text-editor.default\">\n\t\t\t\t<div class=\"elementor-widget-container\">\n\t\t\t\t\t\t\t\t\t<p>THE BICENTENNIAL TRUNK<\/p>\t\t\t\t\t\t\t\t<\/div>\n\t\t\t\t<\/div>\n\t\t\t\t<div class=\"elementor-element elementor-element-2436263 elementor-widget elementor-widget-text-editor\" data-id=\"2436263\" data-element_type=\"widget\" data-e-type=\"widget\" data-widget_type=\"text-editor.default\">\n\t\t\t\t<div class=\"elementor-widget-container\">\n\t\t\t\t\t\t\t\t\t<p>The first time capsule dedicated to Francophone photography<\/p>\t\t\t\t\t\t\t\t<\/div>\n\t\t\t\t<\/div>\n\t\t\t\t<div class=\"elementor-element elementor-element-a6907c6 elementor-widget elementor-widget-text-editor\" data-id=\"a6907c6\" data-element_type=\"widget\" data-e-type=\"widget\" data-widget_type=\"text-editor.default\">\n\t\t\t\t<div class=\"elementor-widget-container\">\n\t\t\t\t\t\t\t\t\t<p>_<br \/><strong>What will today\u2019s photography look like when we look back on it in thirteen years\u2019 time?<\/strong><\/p><p>To mark the bicentenary of the first permanent photograph taken by Nic\u00e9phore Ni\u00e9pce, <strong>The Bicentenary Trunk<\/strong> Imagine a time capsule devoted entirely to French-language photography.<\/p><p>Throughout 2026, the project aims to bring together 10,000 photographs by 10,000 photographers, both professional and amateur: one image per photographer, which must have been taken in 2026. A vast collective snapshot of our times, designed to document the perspectives, practices and subjects that characterise photography today.<\/p><p>As part of its tour of several major photography events, La Malle will be stopping off at the Planches Contact Festival. Anyone can submit a photograph taken in 2026 and thus contribute to this unique time capsule. Once the collection is complete, La Malle will be sealed at the Nic\u00e9phore Ni\u00e9pce Museum in Ch\u00e2lon-sur-Sa\u00f4ne, where it will be kept until it is reopened in 2039 to mark the bicentenary of Fran\u00e7ois Arago\u2019s speech.<\/p>\t\t\t\t\t\t\t\t<\/div>\n\t\t\t\t<\/div>\n\t\t\t\t<div class=\"elementor-element elementor-element-9f525d5 elementor-absolute elementor-widget elementor-widget-text-editor\" data-id=\"9f525d5\" data-element_type=\"widget\" data-e-type=\"widget\" data-settings=\"{&quot;_position&quot;:&quot;absolute&quot;}\" data-widget_type=\"text-editor.default\">\n\t\t\t\t<div class=\"elementor-widget-container\">\n\t\t\t\t\t\t\t\t\t<p>&gt;&gt;&gt; free entry<\/p>\t\t\t\t\t\t\t\t<\/div>\n\t\t\t\t<\/div>\n\t\t\t\t<\/div>\n\t\t<div class=\"elementor-element elementor-element-3249b32 e-con-full e-flex e-con e-child\" data-id=\"3249b32\" data-element_type=\"container\" data-e-type=\"container\" data-settings=\"{&quot;background_background&quot;:&quot;classic&quot;}\">\n\t\t\t\t<div class=\"elementor-element elementor-element-e9ca97a elementor-widget elementor-widget-text-editor\" data-id=\"e9ca97a\" data-element_type=\"widget\" data-e-type=\"widget\" data-widget_type=\"text-editor.default\">\n\t\t\t\t<div class=\"elementor-widget-container\">\n\t\t\t\t\t\t\t\t\t<p>studio photo<\/p>\t\t\t\t\t\t\t\t<\/div>\n\t\t\t\t<\/div>\n\t\t\t\t<div class=\"elementor-element elementor-element-523236f elementor-widget elementor-widget-image\" data-id=\"523236f\" data-element_type=\"widget\" data-e-type=\"widget\" data-widget_type=\"image.default\">\n\t\t\t\t<div class=\"elementor-widget-container\">\n\t\t\t\t\t\t\t\t\t\t\t\t\t\t\t<img loading=\"lazy\" decoding=\"async\" width=\"800\" height=\"476\" src=\"https:\/\/planchescontact.fr\/wp-content\/uploads\/2026\/08\/clement_marion-1.jpg\" class=\"attachment-large size-large wp-image-12663\" alt=\"\" srcset=\"https:\/\/planchescontact.fr\/wp-content\/uploads\/2026\/08\/clement_marion-1.jpg 1000w, https:\/\/planchescontact.fr\/wp-content\/uploads\/2026\/08\/clement_marion-1-300x179.jpg 300w, https:\/\/planchescontact.fr\/wp-content\/uploads\/2026\/08\/clement_marion-1-768x457.jpg 768w, https:\/\/planchescontact.fr\/wp-content\/uploads\/2026\/08\/clement_marion-1-18x12.jpg 18w\" sizes=\"(max-width: 800px) 100vw, 800px\" \/>\t\t\t\t\t\t\t\t\t\t\t\t\t\t\t<\/div>\n\t\t\t\t<\/div>\n\t\t\t\t<div class=\"elementor-element elementor-element-3107b96 elementor-widget elementor-widget-text-editor\" data-id=\"3107b96\" data-element_type=\"widget\" data-e-type=\"widget\" data-widget_type=\"text-editor.default\">\n\t\t\t\t<div class=\"elementor-widget-container\">\n\t\t\t\t\t\t\t\t\t<p><strong>Friday 23 to Sunday 25 October \u2013 10.30 am\u20136.30 pm<\/strong><\/p>\t\t\t\t\t\t\t\t<\/div>\n\t\t\t\t<\/div>\n\t\t\t\t<div class=\"elementor-element elementor-element-488f9e5 elementor-widget elementor-widget-text-editor\" data-id=\"488f9e5\" data-element_type=\"widget\" data-e-type=\"widget\" data-widget_type=\"text-editor.default\">\n\t\t\t\t<div class=\"elementor-widget-container\">\n\t\t\t\t\t\t\t\t\t<p><strong>Salon de cr\u00e9ativit\u00e9<\/strong>&#8211; 145b, av. de la r\u00e9publique<\/p>\t\t\t\t\t\t\t\t<\/div>\n\t\t\t\t<\/div>\n\t\t\t\t<div class=\"elementor-element elementor-element-0e24b3c elementor-widget elementor-widget-text-editor\" data-id=\"0e24b3c\" data-element_type=\"widget\" data-e-type=\"widget\" data-widget_type=\"text-editor.default\">\n\t\t\t\t<div class=\"elementor-widget-container\">\n\t\t\t\t\t\t\t\t\t<p>The wet collodion process<\/p>\t\t\t\t\t\t\t\t<\/div>\n\t\t\t\t<\/div>\n\t\t\t\t<div class=\"elementor-element elementor-element-9ac4fbb elementor-widget elementor-widget-text-editor\" data-id=\"9ac4fbb\" data-element_type=\"widget\" data-e-type=\"widget\" data-widget_type=\"text-editor.default\">\n\t\t\t\t<div class=\"elementor-widget-container\">\n\t\t\t\t\t\t\t\t\t<p>Planches Contact Festival &amp; Cl\u00e9ment Marion<\/p>\t\t\t\t\t\t\t\t<\/div>\n\t\t\t\t<\/div>\n\t\t\t\t<div class=\"elementor-element elementor-element-62a08ea elementor-widget elementor-widget-text-editor\" data-id=\"62a08ea\" data-element_type=\"widget\" data-e-type=\"widget\" data-widget_type=\"text-editor.default\">\n\t\t\t\t<div class=\"elementor-widget-container\">\n\t\t\t\t\t\t\t\t\t<p>_<br \/>At Les Franciscaines, the wet collodion process is brought back to life for the opening days of the Planches Contact Festival. <strong>Cl\u00e9ment Marion<\/strong> sets up his photographic studio there and shares the secrets of this 19th-century process with the public through two activities: an introduction to this historic technique, or the chance to take home a portrait of yourself taken on a glass plate.<\/p><p>The introductory workshops offer a behind-the-scenes insight into this technique, which was invented in the 19th century. From preparing the glass plate to the emergence of the image, each stage reveals the precision of the movements and the magic of a process in which time seems to stand still.<\/p><p>For those who wish to take home a unique souvenir, Cl\u00e9ment Marion also creates portraits using the wet collodion process. Each plate is handmade and is a one-off. With their depth, their imperfections and their distinctive texture, these portraits break away from the conventions of contemporary photography to recapture the charm of the earliest photographic studios.<\/p><p>An encounter with rare craftsmanship\u2026 and a memory to take home with you.<\/p>\t\t\t\t\t\t\t\t<\/div>\n\t\t\t\t<\/div>\n\t\t\t\t<div class=\"elementor-element elementor-element-e05e0e9 elementor-absolute elementor-widget elementor-widget-text-editor\" data-id=\"e05e0e9\" data-element_type=\"widget\" data-e-type=\"widget\" data-settings=\"{&quot;_position&quot;:&quot;absolute&quot;}\" data-widget_type=\"text-editor.default\">\n\t\t\t\t<div class=\"elementor-widget-container\">\n\t\t\t\t\t\t\t\t\t<p><a href=\"https:\/\/www.clementmarion.com\/planches-contact-festival\" target=\"_blank\" rel=\"noopener\">&gt;&gt;&gt; details and registration<\/a><\/p>\t\t\t\t\t\t\t\t<\/div>\n\t\t\t\t<\/div>\n\t\t\t\t<\/div>\n\t\t\t\t<\/div>\n\t\t<div class=\"elementor-element elementor-element-37fcbb7 e-grid e-con-full e-con e-child\" data-id=\"37fcbb7\" data-element_type=\"container\" data-e-type=\"container\">\n\t\t<div class=\"elementor-element elementor-element-9b1046d e-con-full e-flex e-con e-child\" data-id=\"9b1046d\" data-element_type=\"container\" data-e-type=\"container\" data-settings=\"{&quot;background_background&quot;:&quot;classic&quot;}\">\n\t\t\t\t<div class=\"elementor-element elementor-element-2310a01 elementor-widget elementor-widget-text-editor\" data-id=\"2310a01\" data-element_type=\"widget\" data-e-type=\"widget\" data-widget_type=\"text-editor.default\">\n\t\t\t\t<div class=\"elementor-widget-container\">\n\t\t\t\t\t\t\t\t\t<p>meeting<\/p>\t\t\t\t\t\t\t\t<\/div>\n\t\t\t\t<\/div>\n\t\t\t\t<div class=\"elementor-element elementor-element-0f9a6d7 elementor-widget elementor-widget-image\" data-id=\"0f9a6d7\" data-element_type=\"widget\" data-e-type=\"widget\" data-widget_type=\"image.default\">\n\t\t\t\t<div class=\"elementor-widget-container\">\n\t\t\t\t\t\t\t\t\t\t\t\t\t\t\t<img loading=\"lazy\" decoding=\"async\" width=\"800\" height=\"529\" src=\"https:\/\/planchescontact.fr\/wp-content\/uploads\/2026\/08\/Alain-Keler_Il-etait-une-fois-Honfleur-Agence-Myop-Planches-contact-Festival-2026-1024x677.jpg\" class=\"attachment-large size-large wp-image-12670\" alt=\"\" srcset=\"https:\/\/planchescontact.fr\/wp-content\/uploads\/2026\/08\/Alain-Keler_Il-etait-une-fois-Honfleur-Agence-Myop-Planches-contact-Festival-2026-1024x677.jpg 1024w, https:\/\/planchescontact.fr\/wp-content\/uploads\/2026\/08\/Alain-Keler_Il-etait-une-fois-Honfleur-Agence-Myop-Planches-contact-Festival-2026-300x198.jpg 300w, https:\/\/planchescontact.fr\/wp-content\/uploads\/2026\/08\/Alain-Keler_Il-etait-une-fois-Honfleur-Agence-Myop-Planches-contact-Festival-2026-768x508.jpg 768w, https:\/\/planchescontact.fr\/wp-content\/uploads\/2026\/08\/Alain-Keler_Il-etait-une-fois-Honfleur-Agence-Myop-Planches-contact-Festival-2026-18x12.jpg 18w, https:\/\/planchescontact.fr\/wp-content\/uploads\/2026\/08\/Alain-Keler_Il-etait-une-fois-Honfleur-Agence-Myop-Planches-contact-Festival-2026.jpg 1500w\" sizes=\"(max-width: 800px) 100vw, 800px\" \/>\t\t\t\t\t\t\t\t\t\t\t\t\t\t\t<\/div>\n\t\t\t\t<\/div>\n\t\t\t\t<div class=\"elementor-element elementor-element-c20ee39 elementor-widget elementor-widget-text-editor\" data-id=\"c20ee39\" data-element_type=\"widget\" data-e-type=\"widget\" data-widget_type=\"text-editor.default\">\n\t\t\t\t<div class=\"elementor-widget-container\">\n\t\t\t\t\t\t\t\t\t<p><strong>Friday 23 October \u2013 4.00 pm<\/strong><\/p>\t\t\t\t\t\t\t\t<\/div>\n\t\t\t\t<\/div>\n\t\t\t\t<div class=\"elementor-element elementor-element-7ac19f0 elementor-widget elementor-widget-text-editor\" data-id=\"7ac19f0\" data-element_type=\"widget\" data-e-type=\"widget\" data-widget_type=\"text-editor.default\">\n\t\t\t\t<div class=\"elementor-widget-container\">\n\t\t\t\t\t\t\t\t\t<p><strong>La Chapelle<\/strong>&#8211; 145b, av. de la r\u00e9publique, Deauville<\/p>\t\t\t\t\t\t\t\t<\/div>\n\t\t\t\t<\/div>\n\t\t\t\t<div class=\"elementor-element elementor-element-00c7190 elementor-widget elementor-widget-text-editor\" data-id=\"00c7190\" data-element_type=\"widget\" data-e-type=\"widget\" data-widget_type=\"text-editor.default\">\n\t\t\t\t<div class=\"elementor-widget-container\">\n\t\t\t\t\t\t\t\t\t<p>Generations of photographers<\/p>\t\t\t\t\t\t\t\t<\/div>\n\t\t\t\t<\/div>\n\t\t\t\t<div class=\"elementor-element elementor-element-0268d21 elementor-widget elementor-widget-text-editor\" data-id=\"0268d21\" data-element_type=\"widget\" data-e-type=\"widget\" data-widget_type=\"text-editor.default\">\n\t\t\t\t<div class=\"elementor-widget-container\">\n\t\t\t\t\t\t\t\t\t<p>Alain and L\u00e9o Keler<br \/>together with Fran\u00e7oise Denoyelle, <br \/>by Lionel Charrier<\/p>\t\t\t\t\t\t\t\t<\/div>\n\t\t\t\t<\/div>\n\t\t\t\t<div class=\"elementor-element elementor-element-86ae8e2 elementor-widget elementor-widget-text-editor\" data-id=\"86ae8e2\" data-element_type=\"widget\" data-e-type=\"widget\" data-widget_type=\"text-editor.default\">\n\t\t\t\t<div class=\"elementor-widget-container\">\n\t\t\t\t\t\t\t\t\t<p>_<br \/><strong>What is passed on when the craft of photography is handed down from father to son? A particular perspective, a way of engaging with the world, a sense of rigour, or the desire to break free from it?<\/strong><\/p><p>Through a previously unpublished dialogue, <strong>Alain Keler,<\/strong> A leading figure in French photojournalism and a member of the MYOP collective, in conversation with his son <strong>L\u00e9o Keler,<\/strong> who is now developing his own style as part of the fledgling Hors Format collective.<br \/>As guests at this 17th edition of the Planches Contact Festival, which is dedicated to generations, Alain and L\u00e9o Keler will compare their experiences, their images and their commitments, alongside Fran\u00e7oise Denoyelle, a leading historian of photography.<\/p><p>Exploring themes such as the passing down of a family legacy, changing practices and perspectives on a world in flux, this event will highlight how two generations of photographers have each devised their own way of portraying reality, in dialogue with the history of photography.<\/p><p><span style=\"text-decoration: underline;\">Full price: \u20ac5 \/ free for subscribers<\/span><\/p>\t\t\t\t\t\t\t\t<\/div>\n\t\t\t\t<\/div>\n\t\t\t\t<div class=\"elementor-element elementor-element-879407c elementor-absolute elementor-widget elementor-widget-text-editor\" data-id=\"879407c\" data-element_type=\"widget\" data-e-type=\"widget\" data-settings=\"{&quot;_position&quot;:&quot;absolute&quot;}\" data-widget_type=\"text-editor.default\">\n\t\t\t\t<div class=\"elementor-widget-container\">\n\t\t\t\t\t\t\t\t\t<p><a href=\"https:\/\/lesfranciscaines.fr\/fr\/programmation\/alain-et-leo-keler\" target=\"_blank\" rel=\"noopener\">&gt;&gt;&gt; reservation<\/a><\/p>\t\t\t\t\t\t\t\t<\/div>\n\t\t\t\t<\/div>\n\t\t\t\t<\/div>\n\t\t<div class=\"elementor-element elementor-element-0a64275 e-con-full e-flex e-con e-child\" data-id=\"0a64275\" data-element_type=\"container\" data-e-type=\"container\" data-settings=\"{&quot;background_background&quot;:&quot;classic&quot;}\">\n\t\t\t\t<div class=\"elementor-element elementor-element-a938f93 elementor-widget elementor-widget-text-editor\" data-id=\"a938f93\" data-element_type=\"widget\" data-e-type=\"widget\" data-widget_type=\"text-editor.default\">\n\t\t\t\t<div class=\"elementor-widget-container\">\n\t\t\t\t\t\t\t\t\t<p>opening night<\/p>\t\t\t\t\t\t\t\t<\/div>\n\t\t\t\t<\/div>\n\t\t\t\t<div class=\"elementor-element elementor-element-610361b elementor-widget elementor-widget-image\" data-id=\"610361b\" data-element_type=\"widget\" data-e-type=\"widget\" data-widget_type=\"image.default\">\n\t\t\t\t<div class=\"elementor-widget-container\">\n\t\t\t\t\t\t\t\t\t\t\t\t\t\t\t<img loading=\"lazy\" decoding=\"async\" width=\"800\" height=\"534\" src=\"https:\/\/planchescontact.fr\/wp-content\/uploads\/2026\/08\/\u00a9-Sandrine-Boyer-Engel-Planches-Contact-52-1024x683.jpg\" class=\"attachment-large size-large wp-image-12671\" alt=\"\" srcset=\"https:\/\/planchescontact.fr\/wp-content\/uploads\/2026\/08\/\u00a9-Sandrine-Boyer-Engel-Planches-Contact-52-1024x683.jpg 1024w, https:\/\/planchescontact.fr\/wp-content\/uploads\/2026\/08\/\u00a9-Sandrine-Boyer-Engel-Planches-Contact-52-300x200.jpg 300w, https:\/\/planchescontact.fr\/wp-content\/uploads\/2026\/08\/\u00a9-Sandrine-Boyer-Engel-Planches-Contact-52-768x512.jpg 768w, https:\/\/planchescontact.fr\/wp-content\/uploads\/2026\/08\/\u00a9-Sandrine-Boyer-Engel-Planches-Contact-52-18x12.jpg 18w, https:\/\/planchescontact.fr\/wp-content\/uploads\/2026\/08\/\u00a9-Sandrine-Boyer-Engel-Planches-Contact-52.jpg 1500w\" sizes=\"(max-width: 800px) 100vw, 800px\" \/>\t\t\t\t\t\t\t\t\t\t\t\t\t\t\t<\/div>\n\t\t\t\t<\/div>\n\t\t\t\t<div class=\"elementor-element elementor-element-d9ab917 elementor-widget elementor-widget-text-editor\" data-id=\"d9ab917\" data-element_type=\"widget\" data-e-type=\"widget\" data-widget_type=\"text-editor.default\">\n\t\t\t\t<div class=\"elementor-widget-container\">\n\t\t\t\t\t\t\t\t\t<p><strong>Friday 23 October \u2013 7.00 pm<\/strong><\/p>\t\t\t\t\t\t\t\t<\/div>\n\t\t\t\t<\/div>\n\t\t\t\t<div class=\"elementor-element elementor-element-648cbba elementor-widget elementor-widget-text-editor\" data-id=\"648cbba\" data-element_type=\"widget\" data-e-type=\"widget\" data-widget_type=\"text-editor.default\">\n\t\t\t\t<div class=\"elementor-widget-container\">\n\t\t\t\t\t\t\t\t\t<p><strong>Le Clo\u00eetre <\/strong>&#8211; 145b, av. de la r\u00e9publique, Deauville<\/p>\t\t\t\t\t\t\t\t<\/div>\n\t\t\t\t<\/div>\n\t\t\t\t<div class=\"elementor-element elementor-element-c1fb745 elementor-widget elementor-widget-text-editor\" data-id=\"c1fb745\" data-element_type=\"widget\" data-e-type=\"widget\" data-widget_type=\"text-editor.default\">\n\t\t\t\t<div class=\"elementor-widget-container\">\n\t\t\t\t\t\t\t\t\t<p>opening<\/p>\t\t\t\t\t\t\t\t<\/div>\n\t\t\t\t<\/div>\n\t\t\t\t<div class=\"elementor-element elementor-element-ffe25ca elementor-widget elementor-widget-text-editor\" data-id=\"ffe25ca\" data-element_type=\"widget\" data-e-type=\"widget\" data-widget_type=\"text-editor.default\">\n\t\t\t\t<div class=\"elementor-widget-container\">\n\t\t\t\t\t\t\t\t\t<p>Planches Contact Festival<\/p>\t\t\t\t\t\t\t\t<\/div>\n\t\t\t\t<\/div>\n\t\t\t\t<div class=\"elementor-element elementor-element-0a9bbe0 elementor-widget elementor-widget-text-editor\" data-id=\"0a9bbe0\" data-element_type=\"widget\" data-e-type=\"widget\" data-widget_type=\"text-editor.default\">\n\t\t\t\t<div class=\"elementor-widget-container\">\n\t\t\t\t\t\t\t\t\t<p>_<br \/>Planches Contact Festival is launching its 17th edition at Les Franciscaines with an opening night dedicated to<strong> G\u00e9n\u00e9rations.<\/strong><\/p><p>An invitation to discover the \u2018G\u00e9n\u00e9rations\u2019 exhibition and the programme of events, which explores the ties of lineage and transmission, and the ways in which perspectives echo one another across time.<br \/>Over the course of an evening, Les Franciscaines will showcase the highlights of the Planches Contact Festival and the exhibitions set to take place in Deauville and Normandy throughout the autumn.<\/p><p>Visitors will be able to see the new exhibition <em>Generations<\/em> in the Exhibition Courtyard, in the presence of the artists: <strong>Newsha Tavakolian, Alain<\/strong> and<strong> L\u00e9o Keler, Lise Sarfati<\/strong> or <strong>Tom Wood,<\/strong> le dialogue in\u00e9dit avec <strong>Hans\u2011Peter Feldmann,<\/strong> les projets des laur\u00e9ats du <strong>Young Photographers\u2019 Award,<\/strong> as well as the work of<strong>Ole\u00f1ka Carrasco<\/strong> and <strong>La Chica,<\/strong> winners of the<strong> Prix Swiss Life \u00e0 4 Mains.<\/strong><\/p><p>A programme that brings together different generations, photographic styles and personal stories to kick off this year\u2019s festival.<\/p>\t\t\t\t\t\t\t\t<\/div>\n\t\t\t\t<\/div>\n\t\t\t\t<div class=\"elementor-element elementor-element-946e6bb elementor-absolute elementor-widget elementor-widget-text-editor\" data-id=\"946e6bb\" data-element_type=\"widget\" data-e-type=\"widget\" data-settings=\"{&quot;_position&quot;:&quot;absolute&quot;}\" data-widget_type=\"text-editor.default\">\n\t\t\t\t<div class=\"elementor-widget-container\">\n\t\t\t\t\t\t\t\t\t<p>&gt;&gt;&gt; Free entry<\/p>\t\t\t\t\t\t\t\t<\/div>\n\t\t\t\t<\/div>\n\t\t\t\t<\/div>\n\t\t<div class=\"elementor-element elementor-element-8c2c998 e-con-full e-flex e-con e-child\" data-id=\"8c2c998\" data-element_type=\"container\" data-e-type=\"container\" data-settings=\"{&quot;background_background&quot;:&quot;classic&quot;}\">\n\t\t\t\t<div class=\"elementor-element elementor-element-53aa9a1 elementor-widget elementor-widget-text-editor\" data-id=\"53aa9a1\" data-element_type=\"widget\" data-e-type=\"widget\" data-widget_type=\"text-editor.default\">\n\t\t\t\t<div class=\"elementor-widget-container\">\n\t\t\t\t\t\t\t\t\t<p>concert-performance<\/p>\t\t\t\t\t\t\t\t<\/div>\n\t\t\t\t<\/div>\n\t\t\t\t<div class=\"elementor-element elementor-element-8963bd6 elementor-widget elementor-widget-image\" data-id=\"8963bd6\" data-element_type=\"widget\" data-e-type=\"widget\" data-widget_type=\"image.default\">\n\t\t\t\t<div class=\"elementor-widget-container\">\n\t\t\t\t\t\t\t\t\t\t\t\t\t\t\t<img loading=\"lazy\" decoding=\"async\" width=\"800\" height=\"536\" src=\"https:\/\/planchescontact.fr\/wp-content\/uploads\/2026\/08\/OlenkaCarrasco-LCQMDLV_CaribeEsSueno_LasMuchachas_Paisaje_300-1024x686.jpg\" class=\"attachment-large size-large wp-image-12672\" alt=\"\" srcset=\"https:\/\/planchescontact.fr\/wp-content\/uploads\/2026\/08\/OlenkaCarrasco-LCQMDLV_CaribeEsSueno_LasMuchachas_Paisaje_300-1024x686.jpg 1024w, https:\/\/planchescontact.fr\/wp-content\/uploads\/2026\/08\/OlenkaCarrasco-LCQMDLV_CaribeEsSueno_LasMuchachas_Paisaje_300-300x201.jpg 300w, https:\/\/planchescontact.fr\/wp-content\/uploads\/2026\/08\/OlenkaCarrasco-LCQMDLV_CaribeEsSueno_LasMuchachas_Paisaje_300-768x515.jpg 768w, https:\/\/planchescontact.fr\/wp-content\/uploads\/2026\/08\/OlenkaCarrasco-LCQMDLV_CaribeEsSueno_LasMuchachas_Paisaje_300-18x12.jpg 18w, https:\/\/planchescontact.fr\/wp-content\/uploads\/2026\/08\/OlenkaCarrasco-LCQMDLV_CaribeEsSueno_LasMuchachas_Paisaje_300.jpg 1500w\" sizes=\"(max-width: 800px) 100vw, 800px\" \/>\t\t\t\t\t\t\t\t\t\t\t\t\t\t\t<\/div>\n\t\t\t\t<\/div>\n\t\t\t\t<div class=\"elementor-element elementor-element-3b15e0f elementor-widget elementor-widget-text-editor\" data-id=\"3b15e0f\" data-element_type=\"widget\" data-e-type=\"widget\" data-widget_type=\"text-editor.default\">\n\t\t\t\t<div class=\"elementor-widget-container\">\n\t\t\t\t\t\t\t\t\t<p><strong>Friday 23 October \u2013 9.00 pm<\/strong><\/p>\t\t\t\t\t\t\t\t<\/div>\n\t\t\t\t<\/div>\n\t\t\t\t<div class=\"elementor-element elementor-element-681676e elementor-widget elementor-widget-text-editor\" data-id=\"681676e\" data-element_type=\"widget\" data-e-type=\"widget\" data-widget_type=\"text-editor.default\">\n\t\t\t\t<div class=\"elementor-widget-container\">\n\t\t\t\t\t\t\t\t\t<p><strong>La Chapelle<\/strong>&#8211; 145b, av. de la r\u00e9publique, Deauville<\/p>\t\t\t\t\t\t\t\t<\/div>\n\t\t\t\t<\/div>\n\t\t\t\t<div class=\"elementor-element elementor-element-afb4e33 elementor-widget elementor-widget-text-editor\" data-id=\"afb4e33\" data-element_type=\"widget\" data-e-type=\"widget\" data-widget_type=\"text-editor.default\">\n\t\t\t\t<div class=\"elementor-widget-container\">\n\t\t\t\t\t\t\t\t\t<p>The chaos that gives me life <br \/>Atlas of an Imaginary Country<\/p>\t\t\t\t\t\t\t\t<\/div>\n\t\t\t\t<\/div>\n\t\t\t\t<div class=\"elementor-element elementor-element-d479f67 elementor-widget elementor-widget-text-editor\" data-id=\"d479f67\" data-element_type=\"widget\" data-e-type=\"widget\" data-widget_type=\"text-editor.default\">\n\t\t\t\t<div class=\"elementor-widget-container\">\n\t\t\t\t\t\t\t\t\t<p>Swiss Life Four-Handed Prize<\/p>\t\t\t\t\t\t\t\t<\/div>\n\t\t\t\t<\/div>\n\t\t\t\t<div class=\"elementor-element elementor-element-c32a276 elementor-widget elementor-widget-text-editor\" data-id=\"c32a276\" data-element_type=\"widget\" data-e-type=\"widget\" data-widget_type=\"text-editor.default\">\n\t\t\t\t<div class=\"elementor-widget-container\">\n\t\t\t\t\t\t\t\t\t<p>_<br \/><strong>There are countries we leave behind. There are others that continue to live within us. The chaos that gives me life is one of them.<\/strong><\/p><p>Born from the Creole memories of El Callao, in Venezuela. From this land springs an imagined country, where photography breathes, where music tells stories, where scents awaken buried memories, where voices convey what cannot be said in any other way.<\/p><p>Part concert, part storytelling and part live installation,<strong> Ole\u00f1ka Carrasco<\/strong> and <strong>La Chica<\/strong> form a sensitive atlas in which every image becomes a door, every song a passage, every breath a memory rediscovered.<\/p><p>It\u2019s not about looking. It\u2019s about stepping inside. About allowing yourself to get lost. Because sometimes you have to journey through an imaginary land to rediscover the one you carry within you.<\/p><p>Established in 2014 by the Swiss Life Foundation, the <strong>Swiss Life Four-Handed Prize<\/strong> is the only arts prize in France to bring together photography and music. It offers a pair of artists the freedom to create an original work by blending their respective artistic worlds. Each edition supports contemporary creativity and fosters the convergence of these two disciplines through exhibitions and concerts held at cultural venues across France.<\/p><p><span style=\"text-decoration: underline;\">Free of charge, subject to booking (required)<\/span><\/p>\t\t\t\t\t\t\t\t<\/div>\n\t\t\t\t<\/div>\n\t\t\t\t<div class=\"elementor-element elementor-element-2fb33e4 elementor-absolute elementor-widget elementor-widget-text-editor\" data-id=\"2fb33e4\" data-element_type=\"widget\" data-e-type=\"widget\" data-settings=\"{&quot;_position&quot;:&quot;absolute&quot;}\" data-widget_type=\"text-editor.default\">\n\t\t\t\t<div class=\"elementor-widget-container\">\n\t\t\t\t\t\t\t\t\t<p><a href=\"https:\/\/lesfranciscaines.fr\/fr\/programmation\/prix-swiss-life-a-4-mains\" target=\"_blank\" rel=\"noopener\">&gt;&gt;&gt; reservation<\/a><\/p>\t\t\t\t\t\t\t\t<\/div>\n\t\t\t\t<\/div>\n\t\t\t\t<\/div>\n\t\t\t\t<\/div>\n\t\t<div class=\"elementor-element elementor-element-fb5e416 e-grid e-con-full e-con e-child\" data-id=\"fb5e416\" data-element_type=\"container\" data-e-type=\"container\">\n\t\t<div class=\"elementor-element elementor-element-3831e06 e-con-full e-flex e-con e-child\" data-id=\"3831e06\" data-element_type=\"container\" data-e-type=\"container\" data-settings=\"{&quot;background_background&quot;:&quot;classic&quot;}\">\n\t\t\t\t<div class=\"elementor-element elementor-element-e805ea9 elementor-widget elementor-widget-text-editor\" data-id=\"e805ea9\" data-element_type=\"widget\" data-e-type=\"widget\" data-widget_type=\"text-editor.default\">\n\t\t\t\t<div class=\"elementor-widget-container\">\n\t\t\t\t\t\t\t\t\t<p>meeting<\/p>\t\t\t\t\t\t\t\t<\/div>\n\t\t\t\t<\/div>\n\t\t\t\t<div class=\"elementor-element elementor-element-7c2edd8 elementor-widget elementor-widget-image\" data-id=\"7c2edd8\" data-element_type=\"widget\" data-e-type=\"widget\" data-widget_type=\"image.default\">\n\t\t\t\t<div class=\"elementor-widget-container\">\n\t\t\t\t\t\t\t\t\t\t\t\t\t\t\t<img loading=\"lazy\" decoding=\"async\" width=\"800\" height=\"514\" src=\"https:\/\/planchescontact.fr\/wp-content\/uploads\/2026\/08\/tavakolian-5-copieok-1024x658.jpg\" class=\"attachment-large size-large wp-image-12758\" alt=\"\" srcset=\"https:\/\/planchescontact.fr\/wp-content\/uploads\/2026\/08\/tavakolian-5-copieok-1024x658.jpg 1024w, https:\/\/planchescontact.fr\/wp-content\/uploads\/2026\/08\/tavakolian-5-copieok-300x193.jpg 300w, https:\/\/planchescontact.fr\/wp-content\/uploads\/2026\/08\/tavakolian-5-copieok-768x493.jpg 768w, https:\/\/planchescontact.fr\/wp-content\/uploads\/2026\/08\/tavakolian-5-copieok-1536x987.jpg 1536w, https:\/\/planchescontact.fr\/wp-content\/uploads\/2026\/08\/tavakolian-5-copieok-18x12.jpg 18w, https:\/\/planchescontact.fr\/wp-content\/uploads\/2026\/08\/tavakolian-5-copieok.jpg 1778w\" sizes=\"(max-width: 800px) 100vw, 800px\" \/>\t\t\t\t\t\t\t\t\t\t\t\t\t\t\t<\/div>\n\t\t\t\t<\/div>\n\t\t\t\t<div class=\"elementor-element elementor-element-455d49f elementor-widget elementor-widget-text-editor\" data-id=\"455d49f\" data-element_type=\"widget\" data-e-type=\"widget\" data-widget_type=\"text-editor.default\">\n\t\t\t\t<div class=\"elementor-widget-container\">\n\t\t\t\t\t\t\t\t\t<p><strong>Saturday 24 October \u2013 3.00 pm<\/strong><\/p>\t\t\t\t\t\t\t\t<\/div>\n\t\t\t\t<\/div>\n\t\t\t\t<div class=\"elementor-element elementor-element-8d71b1d elementor-widget elementor-widget-text-editor\" data-id=\"8d71b1d\" data-element_type=\"widget\" data-e-type=\"widget\" data-widget_type=\"text-editor.default\">\n\t\t\t\t<div class=\"elementor-widget-container\">\n\t\t\t\t\t\t\t\t\t<p><strong>La Chapelle<\/strong>&#8211; 145b, av. de la r\u00e9publique, Deauville<\/p>\t\t\t\t\t\t\t\t<\/div>\n\t\t\t\t<\/div>\n\t\t\t\t<div class=\"elementor-element elementor-element-46d6be3 elementor-widget elementor-widget-text-editor\" data-id=\"46d6be3\" data-element_type=\"widget\" data-e-type=\"widget\" data-widget_type=\"text-editor.default\">\n\t\t\t\t<div class=\"elementor-widget-container\">\n\t\t\t\t\t\t\t\t\t<p>NEWSHA tavakolian<br \/>Iran. Three cameras, one country.<\/p>\t\t\t\t\t\t\t\t<\/div>\n\t\t\t\t<\/div>\n\t\t\t\t<div class=\"elementor-element elementor-element-c687985 elementor-widget elementor-widget-text-editor\" data-id=\"c687985\" data-element_type=\"widget\" data-e-type=\"widget\" data-widget_type=\"text-editor.default\">\n\t\t\t\t<div class=\"elementor-widget-container\">\n\t\t\t\t\t\t\t\t\t<p>Moderated by Dimitry Beck \u2013 Polka Magazine<\/p>\t\t\t\t\t\t\t\t<\/div>\n\t\t\t\t<\/div>\n\t\t\t\t<div class=\"elementor-element elementor-element-e15ad62 elementor-widget elementor-widget-text-editor\" data-id=\"e15ad62\" data-element_type=\"widget\" data-e-type=\"widget\" data-widget_type=\"text-editor.default\">\n\t\t\t\t<div class=\"elementor-widget-container\">\n\t\t\t\t\t\t\t\t\t<p>_<br \/>Newsha Tavakolian was sixteen when she began taking photographs in Iran. Since then, she has been documenting the changes taking place in her country, with a particular focus on young people, women and the private sphere. Starting out as a photojournalist, she has gradually broadened her practice, blending documentary photography, personal archives, family photographs and staged shots.<\/p><p>A guest at this 17th edition of the Planches Contact Festival, which is dedicated to \u2018Generations\u2019, the Iranian photographer \u2013 a member of Magnum Photos \u2013 will reflect on more than twenty years of work and on how her perspective has evolved amidst the upheavals in her country. Her story is also intertwined with that of her family: before her, her great-uncle and then her grandfather were already photographing Iran and their loved ones.<\/p><p>An event exploring a significant journey, in which personal, family and collective stories intertwine through photography.<\/p><p><span style=\"text-decoration: underline;\">Full price: \u20ac5 \/ free for subscribers<\/span><\/p>\t\t\t\t\t\t\t\t<\/div>\n\t\t\t\t<\/div>\n\t\t\t\t<div class=\"elementor-element elementor-element-2a2cee4 elementor-absolute elementor-widget elementor-widget-text-editor\" data-id=\"2a2cee4\" data-element_type=\"widget\" data-e-type=\"widget\" data-settings=\"{&quot;_position&quot;:&quot;absolute&quot;}\" data-widget_type=\"text-editor.default\">\n\t\t\t\t<div class=\"elementor-widget-container\">\n\t\t\t\t\t\t\t\t\t<p>&gt;&gt;&gt; reservation<\/p>\t\t\t\t\t\t\t\t<\/div>\n\t\t\t\t<\/div>\n\t\t\t\t<\/div>\n\t\t<div class=\"elementor-element elementor-element-5f6ca3a e-con-full e-flex e-con e-child\" data-id=\"5f6ca3a\" data-element_type=\"container\" data-e-type=\"container\" data-settings=\"{&quot;background_background&quot;:&quot;classic&quot;}\">\n\t\t\t\t<div class=\"elementor-element elementor-element-4be8739 elementor-widget elementor-widget-text-editor\" data-id=\"4be8739\" data-element_type=\"widget\" data-e-type=\"widget\" data-widget_type=\"text-editor.default\">\n\t\t\t\t<div class=\"elementor-widget-container\">\n\t\t\t\t\t\t\t\t\t<p>performance<\/p>\t\t\t\t\t\t\t\t<\/div>\n\t\t\t\t<\/div>\n\t\t\t\t<div class=\"elementor-element elementor-element-74d05c3 elementor-widget elementor-widget-image\" data-id=\"74d05c3\" data-element_type=\"widget\" data-e-type=\"widget\" data-widget_type=\"image.default\">\n\t\t\t\t<div class=\"elementor-widget-container\">\n\t\t\t\t\t\t\t\t\t\t\t\t\t\t\t<img loading=\"lazy\" decoding=\"async\" width=\"800\" height=\"516\" src=\"https:\/\/planchescontact.fr\/wp-content\/uploads\/2026\/08\/Diamantino-Credit-Benoit-Pelletier.jpg\" class=\"attachment-large size-large wp-image-12681\" alt=\"\" srcset=\"https:\/\/planchescontact.fr\/wp-content\/uploads\/2026\/08\/Diamantino-Credit-Benoit-Pelletier.jpg 939w, https:\/\/planchescontact.fr\/wp-content\/uploads\/2026\/08\/Diamantino-Credit-Benoit-Pelletier-300x194.jpg 300w, https:\/\/planchescontact.fr\/wp-content\/uploads\/2026\/08\/Diamantino-Credit-Benoit-Pelletier-768x496.jpg 768w, https:\/\/planchescontact.fr\/wp-content\/uploads\/2026\/08\/Diamantino-Credit-Benoit-Pelletier-18x12.jpg 18w\" sizes=\"(max-width: 800px) 100vw, 800px\" \/>\t\t\t\t\t\t\t\t\t\t\t\t\t\t\t<\/div>\n\t\t\t\t<\/div>\n\t\t\t\t<div class=\"elementor-element elementor-element-57d416a elementor-widget elementor-widget-text-editor\" data-id=\"57d416a\" data-element_type=\"widget\" data-e-type=\"widget\" data-widget_type=\"text-editor.default\">\n\t\t\t\t<div class=\"elementor-widget-container\">\n\t\t\t\t\t\t\t\t\t<p><strong>Samedi 24 octobre &#8211; 17h<\/strong><\/p>\t\t\t\t\t\t\t\t<\/div>\n\t\t\t\t<\/div>\n\t\t\t\t<div class=\"elementor-element elementor-element-fc624e0 elementor-widget elementor-widget-text-editor\" data-id=\"fc624e0\" data-element_type=\"widget\" data-e-type=\"widget\" data-widget_type=\"text-editor.default\">\n\t\t\t\t<div class=\"elementor-widget-container\">\n\t\t\t\t\t\t\t\t\t<p><strong>La Chapelle<\/strong>&#8211; 145b, av. de la r\u00e9publique, Deauville<\/p>\t\t\t\t\t\t\t\t<\/div>\n\t\t\t\t<\/div>\n\t\t\t\t<div class=\"elementor-element elementor-element-5833af3 elementor-widget elementor-widget-text-editor\" data-id=\"5833af3\" data-element_type=\"widget\" data-e-type=\"widget\" data-widget_type=\"text-editor.default\">\n\t\t\t\t<div class=\"elementor-widget-container\">\n\t\t\t\t\t\t\t\t\t<p>A COMME AGRANDISSEUR<\/p>\t\t\t\t\t\t\t\t<\/div>\n\t\t\t\t<\/div>\n\t\t\t\t<div class=\"elementor-element elementor-element-5a2c86f elementor-widget elementor-widget-text-editor\" data-id=\"5a2c86f\" data-element_type=\"widget\" data-e-type=\"widget\" data-widget_type=\"text-editor.default\">\n\t\t\t\t<div class=\"elementor-widget-container\">\n\t\t\t\t\t\t\t\t\t<p>by the shooter Diamantino<\/p>\t\t\t\t\t\t\t\t<\/div>\n\t\t\t\t<\/div>\n\t\t\t\t<div class=\"elementor-element elementor-element-9f884d4 elementor-widget elementor-widget-text-editor\" data-id=\"9f884d4\" data-element_type=\"widget\" data-e-type=\"widget\" data-widget_type=\"text-editor.default\">\n\t\t\t\t<div class=\"elementor-widget-container\">\n\t\t\t\t\t\t\t\t\t<p>_<br \/><strong>Behind every photograph on display lies a sequence of actions, skills and choices that shape the image. <\/strong><\/p><p>Thanks to an outstanding performance, the shooter <strong>Diamantino<\/strong> brings photography out of the darkroom to reveal all its magic. Before the audience\u2019s very eyes, the image appears, takes shape and comes to life, reminding us that printing is a creative act in its own right.<\/p><p>This performance forms part of<em> The Almost Complete Primer on Photography,<\/em> a collaborative project led by the <strong>r\u00e9seau LUX<\/strong> to mark the bicentenary of photography.<\/p><p>For this edition, the Planches Contact Festival has chosen the letter <strong>A comme Agrandisseur,<\/strong> celebrating this iconic tool that has shaped generations of images and photographers. A sensitive and spectacular way of paying tribute to the techniques, crafts and skills that continue to breathe life into photography today.<\/p><p><span style=\"text-decoration: underline;\">Free of charge, subject to booking (required)<\/span><\/p>\t\t\t\t\t\t\t\t<\/div>\n\t\t\t\t<\/div>\n\t\t\t\t<div class=\"elementor-element elementor-element-c7ff19c elementor-absolute elementor-widget elementor-widget-text-editor\" data-id=\"c7ff19c\" data-element_type=\"widget\" data-e-type=\"widget\" data-settings=\"{&quot;_position&quot;:&quot;absolute&quot;}\" data-widget_type=\"text-editor.default\">\n\t\t\t\t<div class=\"elementor-widget-container\">\n\t\t\t\t\t\t\t\t\t<p><a href=\"https:\/\/lesfranciscaines.fr\/fr\/programmation\/a-comme-agrandisseur\" target=\"_blank\" rel=\"noopener\">&gt;&gt;&gt; reservation<\/a><\/p>\t\t\t\t\t\t\t\t<\/div>\n\t\t\t\t<\/div>\n\t\t\t\t<\/div>\n\t\t<div class=\"elementor-element elementor-element-112867d e-con-full e-flex e-con e-child\" data-id=\"112867d\" data-element_type=\"container\" data-e-type=\"container\" data-settings=\"{&quot;background_background&quot;:&quot;classic&quot;}\">\n\t\t\t\t<div class=\"elementor-element elementor-element-6458b02 elementor-widget elementor-widget-text-editor\" data-id=\"6458b02\" data-element_type=\"widget\" data-e-type=\"widget\" data-widget_type=\"text-editor.default\">\n\t\t\t\t<div class=\"elementor-widget-container\">\n\t\t\t\t\t\t\t\t\t<p>Jury Prize for Emerging Photographic Talent<\/p>\t\t\t\t\t\t\t\t<\/div>\n\t\t\t\t<\/div>\n\t\t\t\t<div class=\"elementor-element elementor-element-5ec55a4 elementor-widget elementor-widget-image\" data-id=\"5ec55a4\" data-element_type=\"widget\" data-e-type=\"widget\" data-widget_type=\"image.default\">\n\t\t\t\t<div class=\"elementor-widget-container\">\n\t\t\t\t\t\t\t\t\t\t\t\t\t\t\t<img loading=\"lazy\" decoding=\"async\" width=\"800\" height=\"542\" src=\"https:\/\/planchescontact.fr\/wp-content\/uploads\/2026\/08\/Copie\u00a9-Sandrine-Boyer-Engel-Planches-Contact-33-1024x694.jpg\" class=\"attachment-large size-large wp-image-12682\" alt=\"\" srcset=\"https:\/\/planchescontact.fr\/wp-content\/uploads\/2026\/08\/Copie\u00a9-Sandrine-Boyer-Engel-Planches-Contact-33-1024x694.jpg 1024w, https:\/\/planchescontact.fr\/wp-content\/uploads\/2026\/08\/Copie\u00a9-Sandrine-Boyer-Engel-Planches-Contact-33-300x203.jpg 300w, https:\/\/planchescontact.fr\/wp-content\/uploads\/2026\/08\/Copie\u00a9-Sandrine-Boyer-Engel-Planches-Contact-33-768x521.jpg 768w, https:\/\/planchescontact.fr\/wp-content\/uploads\/2026\/08\/Copie\u00a9-Sandrine-Boyer-Engel-Planches-Contact-33-18x12.jpg 18w, https:\/\/planchescontact.fr\/wp-content\/uploads\/2026\/08\/Copie\u00a9-Sandrine-Boyer-Engel-Planches-Contact-33.jpg 1500w\" sizes=\"(max-width: 800px) 100vw, 800px\" \/>\t\t\t\t\t\t\t\t\t\t\t\t\t\t\t<\/div>\n\t\t\t\t<\/div>\n\t\t\t\t<div class=\"elementor-element elementor-element-285083b elementor-widget elementor-widget-text-editor\" data-id=\"285083b\" data-element_type=\"widget\" data-e-type=\"widget\" data-widget_type=\"text-editor.default\">\n\t\t\t\t<div class=\"elementor-widget-container\">\n\t\t\t\t\t\t\t\t\t<p><strong>Saturday 24 October \u2013 7.00 pm<\/strong><\/p>\t\t\t\t\t\t\t\t<\/div>\n\t\t\t\t<\/div>\n\t\t\t\t<div class=\"elementor-element elementor-element-d4c5eb8 elementor-widget elementor-widget-text-editor\" data-id=\"d4c5eb8\" data-element_type=\"widget\" data-e-type=\"widget\" data-widget_type=\"text-editor.default\">\n\t\t\t\t<div class=\"elementor-widget-container\">\n\t\t\t\t\t\t\t\t\t<p><strong>Le Clo\u00eetre<\/strong>&#8211; 145b, av. de la r\u00e9publique, Deauville<\/p>\t\t\t\t\t\t\t\t<\/div>\n\t\t\t\t<\/div>\n\t\t\t\t<div class=\"elementor-element elementor-element-86d62b5 elementor-widget elementor-widget-text-editor\" data-id=\"86d62b5\" data-element_type=\"widget\" data-e-type=\"widget\" data-widget_type=\"text-editor.default\">\n\t\t\t\t<div class=\"elementor-widget-container\">\n\t\t\t\t\t\t\t\t\t<p>award ceremony for the Young Photographers\u2019 Prize<\/p>\t\t\t\t\t\t\t\t<\/div>\n\t\t\t\t<\/div>\n\t\t\t\t<div class=\"elementor-element elementor-element-ff61ef9 elementor-widget elementor-widget-text-editor\" data-id=\"ff61ef9\" data-element_type=\"widget\" data-e-type=\"widget\" data-widget_type=\"text-editor.default\">\n\t\t\t\t<div class=\"elementor-widget-container\">\n\t\t\t\t\t\t\t\t\t<p>Planches Contact Festival<\/p>\t\t\t\t\t\t\t\t<\/div>\n\t\t\t\t<\/div>\n\t\t\t\t<div class=\"elementor-element elementor-element-c9b4b22 elementor-widget elementor-widget-text-editor\" data-id=\"c9b4b22\" data-element_type=\"widget\" data-e-type=\"widget\" data-widget_type=\"text-editor.default\">\n\t\t\t\t<div class=\"elementor-widget-container\">\n\t\t\t\t\t\t\t\t\t<p>_<br \/>From among more than 200 entries from 35 countries, <strong>Mathias Benguigui, Juliette Pavy, Flore Pr\u00e9bay<\/strong> and <strong>Emeline Sauser<\/strong> have been shortlisted for this year\u2019s Young Photographers\u2019 Award. Following several months\u2019 residency in Normandy, they will be unveiling their previously unseen projects this autumn at the Planches Contact Festival.<\/p><p>The presentation of the Jury Prize, chaired by <strong>Rima Abdul-Malak<\/strong> and comprising leading figures from the worlds of photography, art and culture, will honour one of these four perspectives.<\/p><p>The winner will be awarded a creative residency at the<strong> Villa P\u00e9rochon<\/strong> \u2013 Centre for Contemporary Photography, whilst the<strong> Festival InCadaqu\u00e9s<\/strong> will offer one of the four artists a residency at its festival in Spain.<\/p><p>The ceremony will be followed by a tour of the exhibition, providing an opportunity to meet the photographers and discuss their projects carried out in Normandy.<\/p>\t\t\t\t\t\t\t\t<\/div>\n\t\t\t\t<\/div>\n\t\t\t\t<div class=\"elementor-element elementor-element-791e81d elementor-absolute elementor-widget elementor-widget-text-editor\" data-id=\"791e81d\" data-element_type=\"widget\" data-e-type=\"widget\" data-settings=\"{&quot;_position&quot;:&quot;absolute&quot;}\" data-widget_type=\"text-editor.default\">\n\t\t\t\t<div class=\"elementor-widget-container\">\n\t\t\t\t\t\t\t\t\t<p>&gt;&gt;&gt; free entry<\/p>\t\t\t\t\t\t\t\t<\/div>\n\t\t\t\t<\/div>\n\t\t\t\t<\/div>\n\t\t\t\t<\/div>\n\t\t<div class=\"elementor-element elementor-element-a3d954f e-grid e-con-full e-con e-child\" data-id=\"a3d954f\" data-element_type=\"container\" data-e-type=\"container\">\n\t\t<div class=\"elementor-element elementor-element-ad18a65 e-con-full e-flex e-con e-child\" data-id=\"ad18a65\" data-element_type=\"container\" data-e-type=\"container\" data-settings=\"{&quot;background_background&quot;:&quot;classic&quot;}\">\n\t\t\t\t<div class=\"elementor-element elementor-element-c359e6c elementor-widget elementor-widget-image\" data-id=\"c359e6c\" data-element_type=\"widget\" data-e-type=\"widget\" data-widget_type=\"image.default\">\n\t\t\t\t<div class=\"elementor-widget-container\">\n\t\t\t\t\t\t\t\t\t\t\t\t\t\t\t<img loading=\"lazy\" decoding=\"async\" width=\"800\" height=\"1009\" src=\"https:\/\/planchescontact.fr\/wp-content\/uploads\/2026\/08\/25Heure_CM_23x29cm_EH-812x1024.jpg\" class=\"attachment-large size-large wp-image-12686\" alt=\"\" srcset=\"https:\/\/planchescontact.fr\/wp-content\/uploads\/2026\/08\/25Heure_CM_23x29cm_EH-812x1024.jpg 812w, https:\/\/planchescontact.fr\/wp-content\/uploads\/2026\/08\/25Heure_CM_23x29cm_EH-238x300.jpg 238w, https:\/\/planchescontact.fr\/wp-content\/uploads\/2026\/08\/25Heure_CM_23x29cm_EH-768x969.jpg 768w, https:\/\/planchescontact.fr\/wp-content\/uploads\/2026\/08\/25Heure_CM_23x29cm_EH-1218x1536.jpg 1218w, https:\/\/planchescontact.fr\/wp-content\/uploads\/2026\/08\/25Heure_CM_23x29cm_EH-10x12.jpg 10w, https:\/\/planchescontact.fr\/wp-content\/uploads\/2026\/08\/25Heure_CM_23x29cm_EH.jpg 1358w\" sizes=\"(max-width: 800px) 100vw, 800px\" \/>\t\t\t\t\t\t\t\t\t\t\t\t\t\t\t<\/div>\n\t\t\t\t<\/div>\n\t\t\t\t<\/div>\n\t\t<div class=\"elementor-element elementor-element-881539a e-con-full e-flex e-con e-child\" data-id=\"881539a\" data-element_type=\"container\" data-e-type=\"container\" data-settings=\"{&quot;background_background&quot;:&quot;classic&quot;}\">\n\t\t\t\t<div class=\"elementor-element elementor-element-4cf38d6 elementor-widget elementor-widget-text-editor\" data-id=\"4cf38d6\" data-element_type=\"widget\" data-e-type=\"widget\" data-widget_type=\"text-editor.default\">\n\t\t\t\t<div class=\"elementor-widget-container\">\n\t\t\t\t\t\t\t\t\t<p>photo contest<\/p>\t\t\t\t\t\t\t\t<\/div>\n\t\t\t\t<\/div>\n\t\t\t\t<div class=\"elementor-element elementor-element-5dd3569 elementor-widget elementor-widget-image\" data-id=\"5dd3569\" data-element_type=\"widget\" data-e-type=\"widget\" data-widget_type=\"image.default\">\n\t\t\t\t<div class=\"elementor-widget-container\">\n\t\t\t\t\t\t\t\t\t\t\t\t\t\t\t<img loading=\"lazy\" decoding=\"async\" width=\"800\" height=\"534\" src=\"https:\/\/planchescontact.fr\/wp-content\/uploads\/2026\/06\/\u00a9-Sandrine-Boyer-Engel-Planches-Contact-213-1024x683.jpg\" class=\"attachment-large size-large wp-image-11781\" alt=\"\" srcset=\"https:\/\/planchescontact.fr\/wp-content\/uploads\/2026\/06\/\u00a9-Sandrine-Boyer-Engel-Planches-Contact-213-1024x683.jpg 1024w, https:\/\/planchescontact.fr\/wp-content\/uploads\/2026\/06\/\u00a9-Sandrine-Boyer-Engel-Planches-Contact-213-300x200.jpg 300w, https:\/\/planchescontact.fr\/wp-content\/uploads\/2026\/06\/\u00a9-Sandrine-Boyer-Engel-Planches-Contact-213-768x512.jpg 768w, https:\/\/planchescontact.fr\/wp-content\/uploads\/2026\/06\/\u00a9-Sandrine-Boyer-Engel-Planches-Contact-213-18x12.jpg 18w, https:\/\/planchescontact.fr\/wp-content\/uploads\/2026\/06\/\u00a9-Sandrine-Boyer-Engel-Planches-Contact-213.jpg 1200w\" sizes=\"(max-width: 800px) 100vw, 800px\" \/>\t\t\t\t\t\t\t\t\t\t\t\t\t\t\t<\/div>\n\t\t\t\t<\/div>\n\t\t\t\t<div class=\"elementor-element elementor-element-5b09438 elementor-widget elementor-widget-text-editor\" data-id=\"5b09438\" data-element_type=\"widget\" data-e-type=\"widget\" data-widget_type=\"text-editor.default\">\n\t\t\t\t<div class=\"elementor-widget-container\">\n\t\t\t\t\t\t\t\t\t<p><strong>Saturday 24 October \u2013 10.30 pm<\/strong><\/p>\t\t\t\t\t\t\t\t<\/div>\n\t\t\t\t<\/div>\n\t\t\t\t<div class=\"elementor-element elementor-element-4e4ac8e elementor-widget elementor-widget-text-editor\" data-id=\"4e4ac8e\" data-element_type=\"widget\" data-e-type=\"widget\" data-widget_type=\"text-editor.default\">\n\t\t\t\t<div class=\"elementor-widget-container\">\n\t\t\t\t\t\t\t\t\t<p><strong>Le Clo\u00eetre<\/strong> &#8211; 145b, av. de la r\u00e9publique<\/p>\t\t\t\t\t\t\t\t<\/div>\n\t\t\t\t<\/div>\n\t\t\t\t<div class=\"elementor-element elementor-element-b33ef14 elementor-widget elementor-widget-text-editor\" data-id=\"b33ef14\" data-element_type=\"widget\" data-e-type=\"widget\" data-widget_type=\"text-editor.default\">\n\t\t\t\t<div class=\"elementor-widget-container\">\n\t\t\t\t\t\t\t\t\t<p>The 25th Hour by Longines<\/p>\t\t\t\t\t\t\t\t<\/div>\n\t\t\t\t<\/div>\n\t\t\t\t<div class=\"elementor-element elementor-element-d882af2 elementor-widget elementor-widget-text-editor\" data-id=\"d882af2\" data-element_type=\"widget\" data-e-type=\"widget\" data-widget_type=\"text-editor.default\">\n\t\t\t\t<div class=\"elementor-widget-container\">\n\t\t\t\t\t\t\t\t\t<p>Les Franciscaines &amp; Planches Contact Festival<\/p>\t\t\t\t\t\t\t\t<\/div>\n\t\t\t\t<\/div>\n\t\t\t\t<div class=\"elementor-element elementor-element-c4584a2 elementor-widget elementor-widget-text-editor\" data-id=\"c4584a2\" data-element_type=\"widget\" data-e-type=\"widget\" data-widget_type=\"text-editor.default\">\n\t\t\t\t<div class=\"elementor-widget-container\">\n\t\t\t\t\t\t\t\t\t<p class=\"translation-block\">_<br>To welcome winter in a different way, the night-time competition <strong>La 25e heure Longines<\/strong> invites all photographers, amateurs and professionals alike, to take advantage of the extra hour gained by the switch to winter time to capture the moment and unleash their creativity.<\/p><p class=\"translation-block\">Open to all, the <strong>La 25e heure Longines<\/strong> photo competition brings together photography enthusiasts, whether individuals, groups or families. Urban scenes, portraits, landscapes or tributes to famous beaches: all perspectives are welcome to capture Deauville by night, with sensitivity and freedom.<\/p><p>At midnight, the signal is given from the Franciscan courtyard. Participants then have one hour to take their photo and hand in their digital file to the teams.<\/p>\t\t\t\t\t\t\t\t<\/div>\n\t\t\t\t<\/div>\n\t\t\t\t<div class=\"elementor-element elementor-element-50ea637 elementor-absolute elementor-widget elementor-widget-text-editor\" data-id=\"50ea637\" data-element_type=\"widget\" data-e-type=\"widget\" data-settings=\"{&quot;_position&quot;:&quot;absolute&quot;}\" data-widget_type=\"text-editor.default\">\n\t\t\t\t<div class=\"elementor-widget-container\">\n\t\t\t\t\t\t\t\t\t<p><a href=\"https:\/\/planchescontact.fr\/en\/25e-heure-longines\/\">&gt;&gt;&gt; details and registration<\/a><\/p>\t\t\t\t\t\t\t\t<\/div>\n\t\t\t\t<\/div>\n\t\t\t\t<\/div>\n\t\t\t\t<\/div>\n\t\t<div class=\"elementor-element elementor-element-6a7c64a e-grid e-con-full e-con e-child\" data-id=\"6a7c64a\" data-element_type=\"container\" data-e-type=\"container\">\n\t\t<div class=\"elementor-element elementor-element-2a922c9 e-con-full e-flex e-con e-child\" data-id=\"2a922c9\" data-element_type=\"container\" data-e-type=\"container\" data-settings=\"{&quot;background_background&quot;:&quot;classic&quot;}\">\n\t\t\t\t<div class=\"elementor-element elementor-element-bcd744d elementor-widget elementor-widget-text-editor\" data-id=\"bcd744d\" data-element_type=\"widget\" data-e-type=\"widget\" data-widget_type=\"text-editor.default\">\n\t\t\t\t<div class=\"elementor-widget-container\">\n\t\t\t\t\t\t\t\t\t<p>meeting<\/p>\t\t\t\t\t\t\t\t<\/div>\n\t\t\t\t<\/div>\n\t\t\t\t<div class=\"elementor-element elementor-element-ba75f5e elementor-widget elementor-widget-text-editor\" data-id=\"ba75f5e\" data-element_type=\"widget\" data-e-type=\"widget\" data-widget_type=\"text-editor.default\">\n\t\t\t\t<div class=\"elementor-widget-container\">\n\t\t\t\t\t\t\t\t\t<p><strong>Sunday 25 October \u2013 3.00 pm<\/strong><\/p>\t\t\t\t\t\t\t\t<\/div>\n\t\t\t\t<\/div>\n\t\t\t\t<div class=\"elementor-element elementor-element-0993681 elementor-widget elementor-widget-text-editor\" data-id=\"0993681\" data-element_type=\"widget\" data-e-type=\"widget\" data-widget_type=\"text-editor.default\">\n\t\t\t\t<div class=\"elementor-widget-container\">\n\t\t\t\t\t\t\t\t\t<p><strong>La Chapelle<\/strong> &#8211; 145b, av. de la r\u00e9publique<\/p>\t\t\t\t\t\t\t\t<\/div>\n\t\t\t\t<\/div>\n\t\t\t\t<div class=\"elementor-element elementor-element-406e265 elementor-widget elementor-widget-text-editor\" data-id=\"406e265\" data-element_type=\"widget\" data-e-type=\"widget\" data-widget_type=\"text-editor.default\">\n\t\t\t\t<div class=\"elementor-widget-container\">\n\t\t\t\t\t\t\t\t\t<p>GEN X \/ GEN Z from MAGNUM PHOTOS<\/p>\t\t\t\t\t\t\t\t<\/div>\n\t\t\t\t<\/div>\n\t\t\t\t<div class=\"elementor-element elementor-element-2747dc9 elementor-widget elementor-widget-text-editor\" data-id=\"2747dc9\" data-element_type=\"widget\" data-e-type=\"widget\" data-widget_type=\"text-editor.default\">\n\t\t\t\t<div class=\"elementor-widget-container\">\n\t\t\t\t\t\t\t\t\t<p>par Cristina de Middel and Giulietta Palumbo, from Magnum Photos. <br \/>Discussion chaired by Lionel Charrier<\/p>\t\t\t\t\t\t\t\t<\/div>\n\t\t\t\t<\/div>\n\t\t\t\t<div class=\"elementor-element elementor-element-78db17f elementor-widget elementor-widget-text-editor\" data-id=\"78db17f\" data-element_type=\"widget\" data-e-type=\"widget\" data-widget_type=\"text-editor.default\">\n\t\t\t\t<div class=\"elementor-widget-container\">\n\t\t\t\t\t\t\t\t\t<p>_<br \/><strong>How does a generation tell its story through images? <\/strong><strong>Are the concerns of today\u2019s young people really so different from those of the 1950s?<\/strong><\/p><p>By bringing together <strong>Giulietta Palumbo,<\/strong> Head of Cultural Projects at Magnum Photos, and <strong>Cristina de Middel,<\/strong> As chair of Magnum Photos and a photographer herself, this encounter spans more than seventy years of photographic history across two generations that appear to be worlds apart\u2026 and yet.<\/p><p>Presented by <strong>Lionel Charrier,<\/strong> As co-artistic director of the Planches Contact Festival, this discussion will look back at \u2018Generation X\u2019, a project initiated by the founders of Magnum Photos \u2013 including Robert Capa and Henri Cartier-Bresson \u2013 who invited the agency\u2019s photographers to complete the same questionnaire in order to paint a portrait of a changing youth.<\/p><p>Revived in Normandy, this principle has now given rise to projects by Cristina de Middel on the \u2018atomic workers\u2019 of Cherbourg and by Bruce Gilden focusing on young farmers in Normandy. A meeting to explore how Magnum chronicles, from one generation to the next, the changes taking place in our societies.<\/p><p><span style=\"text-decoration: underline;\">Full price: \u20ac5 \/ free for subscribers<\/span><\/p>\t\t\t\t\t\t\t\t<\/div>\n\t\t\t\t<\/div>\n\t\t\t\t<div class=\"elementor-element elementor-element-23c3349 elementor-absolute elementor-widget elementor-widget-text-editor\" data-id=\"23c3349\" data-element_type=\"widget\" data-e-type=\"widget\" data-settings=\"{&quot;_position&quot;:&quot;absolute&quot;}\" data-widget_type=\"text-editor.default\">\n\t\t\t\t<div class=\"elementor-widget-container\">\n\t\t\t\t\t\t\t\t\t<p><a href=\"https:\/\/lesfranciscaines.fr\/fr\/programmation\/gen-x-gen-z-de-magnum-photos\" target=\"_blank\" rel=\"noopener\">&gt;&gt;&gt; reservation<\/a><\/p>\t\t\t\t\t\t\t\t<\/div>\n\t\t\t\t<\/div>\n\t\t\t\t<\/div>\n\t\t<div class=\"elementor-element elementor-element-ac88701 e-con-full e-flex e-con e-child\" data-id=\"ac88701\" data-element_type=\"container\" data-e-type=\"container\" data-settings=\"{&quot;background_background&quot;:&quot;classic&quot;}\">\n\t\t\t\t<div class=\"elementor-element elementor-element-c68ff82 elementor-widget elementor-widget-image\" data-id=\"c68ff82\" data-element_type=\"widget\" data-e-type=\"widget\" data-widget_type=\"image.default\">\n\t\t\t\t<div class=\"elementor-widget-container\">\n\t\t\t\t\t\t\t\t\t\t\t\t\t\t\t<img loading=\"lazy\" decoding=\"async\" width=\"800\" height=\"640\" src=\"https:\/\/planchescontact.fr\/wp-content\/uploads\/2026\/08\/De-Middel_Les-atomiques-de-Cherbourg-1024x819.jpg\" class=\"attachment-large size-large wp-image-12690\" alt=\"\" srcset=\"https:\/\/planchescontact.fr\/wp-content\/uploads\/2026\/08\/De-Middel_Les-atomiques-de-Cherbourg-1024x819.jpg 1024w, https:\/\/planchescontact.fr\/wp-content\/uploads\/2026\/08\/De-Middel_Les-atomiques-de-Cherbourg-300x240.jpg 300w, https:\/\/planchescontact.fr\/wp-content\/uploads\/2026\/08\/De-Middel_Les-atomiques-de-Cherbourg-768x615.jpg 768w, https:\/\/planchescontact.fr\/wp-content\/uploads\/2026\/08\/De-Middel_Les-atomiques-de-Cherbourg-15x12.jpg 15w, https:\/\/planchescontact.fr\/wp-content\/uploads\/2026\/08\/De-Middel_Les-atomiques-de-Cherbourg.jpg 1476w\" sizes=\"(max-width: 800px) 100vw, 800px\" \/>\t\t\t\t\t\t\t\t\t\t\t\t\t\t\t<\/div>\n\t\t\t\t<\/div>\n\t\t\t\t<\/div>\n\t\t\t\t<\/div>\n\t\t<div class=\"elementor-element elementor-element-8788d14 e-con-full e-flex e-con e-child\" data-id=\"8788d14\" data-element_type=\"container\" data-e-type=\"container\">\n\t\t\t\t<div class=\"elementor-element elementor-element-783f05a elementor-widget elementor-widget-text-editor\" data-id=\"783f05a\" data-element_type=\"widget\" data-e-type=\"widget\" data-widget_type=\"text-editor.default\">\n\t\t\t\t<div class=\"elementor-widget-container\">\n\t\t\t\t\t\t\t\t\t<p><span style=\"text-decoration: underline;\">november<\/span><\/p>\t\t\t\t\t\t\t\t<\/div>\n\t\t\t\t<\/div>\n\t\t\t\t<\/div>\n\t\t<div class=\"elementor-element elementor-element-fad2c8a e-grid e-con-full e-con e-child\" data-id=\"fad2c8a\" data-element_type=\"container\" data-e-type=\"container\">\n\t\t<div class=\"elementor-element elementor-element-50be38a e-con-full e-flex e-con e-child\" data-id=\"50be38a\" data-element_type=\"container\" data-e-type=\"container\" data-settings=\"{&quot;background_background&quot;:&quot;classic&quot;}\">\n\t\t\t\t<div class=\"elementor-element elementor-element-66c19d7 elementor-widget elementor-widget-text-editor\" data-id=\"66c19d7\" data-element_type=\"widget\" data-e-type=\"widget\" data-widget_type=\"text-editor.default\">\n\t\t\t\t<div class=\"elementor-widget-container\">\n\t\t\t\t\t\t\t\t\t<p>meeting<\/p>\t\t\t\t\t\t\t\t<\/div>\n\t\t\t\t<\/div>\n\t\t\t\t<div class=\"elementor-element elementor-element-034a29a elementor-widget elementor-widget-image\" data-id=\"034a29a\" data-element_type=\"widget\" data-e-type=\"widget\" data-widget_type=\"image.default\">\n\t\t\t\t<div class=\"elementor-widget-container\">\n\t\t\t\t\t\t\t\t\t\t\t\t\t\t\t<img loading=\"lazy\" decoding=\"async\" width=\"608\" height=\"868\" src=\"https:\/\/planchescontact.fr\/wp-content\/uploads\/2026\/08\/War_correspondents-Lee-Miller-1.jpg\" class=\"attachment-large size-large wp-image-12696\" alt=\"\" srcset=\"https:\/\/planchescontact.fr\/wp-content\/uploads\/2026\/08\/War_correspondents-Lee-Miller-1.jpg 608w, https:\/\/planchescontact.fr\/wp-content\/uploads\/2026\/08\/War_correspondents-Lee-Miller-1-210x300.jpg 210w, https:\/\/planchescontact.fr\/wp-content\/uploads\/2026\/08\/War_correspondents-Lee-Miller-1-8x12.jpg 8w\" sizes=\"(max-width: 608px) 100vw, 608px\" \/>\t\t\t\t\t\t\t\t\t\t\t\t\t\t\t<\/div>\n\t\t\t\t<\/div>\n\t\t\t\t<div class=\"elementor-element elementor-element-a8abf2d elementor-widget elementor-widget-text-editor\" data-id=\"a8abf2d\" data-element_type=\"widget\" data-e-type=\"widget\" data-widget_type=\"text-editor.default\">\n\t\t\t\t<div class=\"elementor-widget-container\">\n\t\t\t\t\t\t\t\t\t<p><strong>Saturday 7 November \u2013 4.00 pm<\/strong><\/p>\t\t\t\t\t\t\t\t<\/div>\n\t\t\t\t<\/div>\n\t\t\t\t<div class=\"elementor-element elementor-element-8845ec3 elementor-widget elementor-widget-text-editor\" data-id=\"8845ec3\" data-element_type=\"widget\" data-e-type=\"widget\" data-widget_type=\"text-editor.default\">\n\t\t\t\t<div class=\"elementor-widget-container\">\n\t\t\t\t\t\t\t\t\t<p><strong>La Chapelle <\/strong>&#8211; 145b, av. de la r\u00e9publique, Deauville<\/p>\t\t\t\t\t\t\t\t<\/div>\n\t\t\t\t<\/div>\n\t\t\t\t<div class=\"elementor-element elementor-element-93d37b2 elementor-widget elementor-widget-text-editor\" data-id=\"93d37b2\" data-element_type=\"widget\" data-e-type=\"widget\" data-widget_type=\"text-editor.default\">\n\t\t\t\t<div class=\"elementor-widget-container\">\n\t\t\t\t\t\t\t\t\t<p>Lee Miller by Jennifer Lesieur<\/p>\t\t\t\t\t\t\t\t<\/div>\n\t\t\t\t<\/div>\n\t\t\t\t<div class=\"elementor-element elementor-element-053db46 elementor-widget elementor-widget-text-editor\" data-id=\"053db46\" data-element_type=\"widget\" data-e-type=\"widget\" data-widget_type=\"text-editor.default\">\n\t\t\t\t<div class=\"elementor-widget-container\">\n\t\t\t\t\t\t\t\t\t<p>Planches Contact Festival<\/p>\t\t\t\t\t\t\t\t<\/div>\n\t\t\t\t<\/div>\n\t\t\t\t<div class=\"elementor-element elementor-element-4d0aa3d elementor-widget elementor-widget-text-editor\" data-id=\"4d0aa3d\" data-element_type=\"widget\" data-e-type=\"widget\" data-widget_type=\"text-editor.default\">\n\t\t\t\t<div class=\"elementor-widget-container\">\n\t\t\t\t\t\t\t\t\t<p>_<br \/>An American living in Paris in the 1930s, Lee Miller (1907\u20131977) was, in turn, a model and a muse to the Surrealists, before becoming an intrepid war correspondent who photographed Dachau and the liberation of Normandy\u2026 before taking a photograph of herself, in 1945, in Hitler\u2019s bath.<\/p><p>A free spirit in her projects and passions, muse and later lover of Man Ray, friend of Picasso and Paul Eluard, she reinvented her life several times \u2013 in New York, in Paris during the golden age of Montparnasse, in Cairo, and then in London in 1939. Through her truly dizzying life, Lee Miller remains one of the great photographers of the 20th century and a legendary woman. She was at once indomitable and fragile, committed and whimsical. Throughout her life, she embraced the upheavals of the 20th century, oscillating, in dazzling leaps, between artistic creativity and the war-driven madness of men.<\/p><p>Novelist and essayist, <strong>Jennifer Lesieur,<\/strong> Having previously been featured at Les Franciscaines with her biography of Rose Valland, she has just published a new biography of Lee Miller: *Lee Miller\u2019s Darkrooms* (Robert Laffont).<\/p><p><span style=\"text-decoration: underline;\">Full price: \u20ac5 \/ free for subscribers<\/span><\/p>\t\t\t\t\t\t\t\t<\/div>\n\t\t\t\t<\/div>\n\t\t\t\t<div class=\"elementor-element elementor-element-e2fd251 elementor-absolute elementor-widget elementor-widget-text-editor\" data-id=\"e2fd251\" data-element_type=\"widget\" data-e-type=\"widget\" id=\"octobre\" data-settings=\"{&quot;_position&quot;:&quot;absolute&quot;}\" data-widget_type=\"text-editor.default\">\n\t\t\t\t<div class=\"elementor-widget-container\">\n\t\t\t\t\t\t\t\t\t<p><a href=\"https:\/\/lesfranciscaines.fr\/fr\/programmation\/lee-miller\" target=\"_blank\" rel=\"noopener\">&gt;&gt;&gt; reservation<\/a><\/p>\t\t\t\t\t\t\t\t<\/div>\n\t\t\t\t<\/div>\n\t\t\t\t<\/div>\n\t\t<div class=\"elementor-element elementor-element-97489dc e-con-full e-flex e-con e-child\" data-id=\"97489dc\" data-element_type=\"container\" data-e-type=\"container\" data-settings=\"{&quot;background_background&quot;:&quot;classic&quot;}\">\n\t\t\t\t<div class=\"elementor-element elementor-element-b653427 elementor-widget elementor-widget-text-editor\" data-id=\"b653427\" data-element_type=\"widget\" data-e-type=\"widget\" data-widget_type=\"text-editor.default\">\n\t\t\t\t<div class=\"elementor-widget-container\">\n\t\t\t\t\t\t\t\t\t<p>meeting<\/p>\t\t\t\t\t\t\t\t<\/div>\n\t\t\t\t<\/div>\n\t\t\t\t<div class=\"elementor-element elementor-element-a70ba77 elementor-widget elementor-widget-image\" data-id=\"a70ba77\" data-element_type=\"widget\" data-e-type=\"widget\" data-widget_type=\"image.default\">\n\t\t\t\t<div class=\"elementor-widget-container\">\n\t\t\t\t\t\t\t\t\t\t\t\t\t\t\t<img loading=\"lazy\" decoding=\"async\" width=\"775\" height=\"1024\" src=\"https:\/\/planchescontact.fr\/wp-content\/uploads\/2026\/06\/Sylvie-Bonnot-Concordances-des-liens-Affleurements-Alexis-2026.-Deauville-SBO_9688XL-copie-V2-775x1024.jpg\" class=\"attachment-large size-large wp-image-12512\" alt=\"\" srcset=\"https:\/\/planchescontact.fr\/wp-content\/uploads\/2026\/06\/Sylvie-Bonnot-Concordances-des-liens-Affleurements-Alexis-2026.-Deauville-SBO_9688XL-copie-V2-775x1024.jpg 775w, https:\/\/planchescontact.fr\/wp-content\/uploads\/2026\/06\/Sylvie-Bonnot-Concordances-des-liens-Affleurements-Alexis-2026.-Deauville-SBO_9688XL-copie-V2-227x300.jpg 227w, https:\/\/planchescontact.fr\/wp-content\/uploads\/2026\/06\/Sylvie-Bonnot-Concordances-des-liens-Affleurements-Alexis-2026.-Deauville-SBO_9688XL-copie-V2-768x1015.jpg 768w, https:\/\/planchescontact.fr\/wp-content\/uploads\/2026\/06\/Sylvie-Bonnot-Concordances-des-liens-Affleurements-Alexis-2026.-Deauville-SBO_9688XL-copie-V2-1163x1536.jpg 1163w, https:\/\/planchescontact.fr\/wp-content\/uploads\/2026\/06\/Sylvie-Bonnot-Concordances-des-liens-Affleurements-Alexis-2026.-Deauville-SBO_9688XL-copie-V2-1550x2048.jpg 1550w, https:\/\/planchescontact.fr\/wp-content\/uploads\/2026\/06\/Sylvie-Bonnot-Concordances-des-liens-Affleurements-Alexis-2026.-Deauville-SBO_9688XL-copie-V2-9x12.jpg 9w, https:\/\/planchescontact.fr\/wp-content\/uploads\/2026\/06\/Sylvie-Bonnot-Concordances-des-liens-Affleurements-Alexis-2026.-Deauville-SBO_9688XL-copie-V2-scaled.jpg 1938w\" sizes=\"(max-width: 775px) 100vw, 775px\" \/>\t\t\t\t\t\t\t\t\t\t\t\t\t\t\t<\/div>\n\t\t\t\t<\/div>\n\t\t\t\t<div class=\"elementor-element elementor-element-29135e6 elementor-widget elementor-widget-text-editor\" data-id=\"29135e6\" data-element_type=\"widget\" data-e-type=\"widget\" data-widget_type=\"text-editor.default\">\n\t\t\t\t<div class=\"elementor-widget-container\">\n\t\t\t\t\t\t\t\t\t<p><strong>Saturday 21 November \u2013 3.00 pm<\/strong><\/p>\t\t\t\t\t\t\t\t<\/div>\n\t\t\t\t<\/div>\n\t\t\t\t<div class=\"elementor-element elementor-element-38ae1eb elementor-widget elementor-widget-text-editor\" data-id=\"38ae1eb\" data-element_type=\"widget\" data-e-type=\"widget\" data-widget_type=\"text-editor.default\">\n\t\t\t\t<div class=\"elementor-widget-container\">\n\t\t\t\t\t\t\t\t\t<p><strong>La Chapelle <\/strong>&#8211; 145b, av. de la r\u00e9publique, Deauville<\/p>\t\t\t\t\t\t\t\t<\/div>\n\t\t\t\t<\/div>\n\t\t\t\t<div class=\"elementor-element elementor-element-dee11a6 elementor-widget elementor-widget-text-editor\" data-id=\"dee11a6\" data-element_type=\"widget\" data-e-type=\"widget\" data-widget_type=\"text-editor.default\">\n\t\t\t\t<div class=\"elementor-widget-container\">\n\t\t\t\t\t\t\t\t\t<p>SYLVIE BONNOT &amp;\u00a0MICHEL POIVERT<br \/>Dusting off the image: photosensitive anatomies<\/p>\t\t\t\t\t\t\t\t<\/div>\n\t\t\t\t<\/div>\n\t\t\t\t<div class=\"elementor-element elementor-element-8a5fcae elementor-widget elementor-widget-text-editor\" data-id=\"8a5fcae\" data-element_type=\"widget\" data-e-type=\"widget\" data-widget_type=\"text-editor.default\">\n\t\t\t\t<div class=\"elementor-widget-container\">\n\t\t\t\t\t\t\t\t\t<p>Planches Contact Festival<\/p>\t\t\t\t\t\t\t\t<\/div>\n\t\t\t\t<\/div>\n\t\t\t\t<div class=\"elementor-element elementor-element-612ce7e elementor-widget elementor-widget-text-editor\" data-id=\"612ce7e\" data-element_type=\"widget\" data-e-type=\"widget\" data-widget_type=\"text-editor.default\">\n\t\t\t\t<div class=\"elementor-widget-container\">\n\t\t\t\t\t\t\t\t\t<p>_<br \/><strong>At what point does a photograph cease to be merely an image?<\/strong><\/p><p>It is around this question that<strong> Michel Poivert<\/strong> and <strong>Sylvie Bonnot<\/strong> are coming together for a discussion on new forms of the photographic image, alongside <strong>Benoit Pelletier,<\/strong> editor at \u00c9ditions Process.<\/p><p>An art historian, photography specialist and member of the scientific committee for the Bicentenary of Photography, Michel Poivert has been following developments in the medium for several decades. <br \/>Alongside him, Sylvie Bonnot, a guest at this 17th edition of the Planches Contact Festival, has developed a unique body of work in which her process of \u2018moulting\u2019 transforms photography into a physical material, blurring the boundaries between image, sculpture and installation.<\/p><p>Following the publication of <em>Prisme liquide<\/em> Published by Process, this event will examine a practice that treats photography as a genuine creative medium. A dialogue between an artist and one of the leading historians of photography, exploring new ways of representing the image and the evolving nature of the contemporary medium.<\/p><p><span style=\"text-decoration: underline;\">Full price: \u20ac5 \/ free for subscribers<\/span><\/p>\t\t\t\t\t\t\t\t<\/div>\n\t\t\t\t<\/div>\n\t\t\t\t<div class=\"elementor-element elementor-element-bdb8488 elementor-absolute elementor-widget elementor-widget-text-editor\" data-id=\"bdb8488\" data-element_type=\"widget\" data-e-type=\"widget\" data-settings=\"{&quot;_position&quot;:&quot;absolute&quot;}\" data-widget_type=\"text-editor.default\">\n\t\t\t\t<div class=\"elementor-widget-container\">\n\t\t\t\t\t\t\t\t\t<p><a href=\"https:\/\/lesfranciscaines.fr\/fr\/programmation\/sylvie-bonnot-michel-poivert\" target=\"_blank\" rel=\"noopener\">&gt;&gt;&gt; reservation<\/a><\/p>\t\t\t\t\t\t\t\t<\/div>\n\t\t\t\t<\/div>\n\t\t\t\t<\/div>\n\t\t<div class=\"elementor-element elementor-element-6e739b7 e-con-full e-flex e-con e-child\" data-id=\"6e739b7\" data-element_type=\"container\" data-e-type=\"container\" data-settings=\"{&quot;background_background&quot;:&quot;classic&quot;}\">\n\t\t\t\t<div class=\"elementor-element elementor-element-bb06109 elementor-widget elementor-widget-text-editor\" data-id=\"bb06109\" data-element_type=\"widget\" data-e-type=\"widget\" data-widget_type=\"text-editor.default\">\n\t\t\t\t<div class=\"elementor-widget-container\">\n\t\t\t\t\t\t\t\t\t<p>workshop<\/p>\t\t\t\t\t\t\t\t<\/div>\n\t\t\t\t<\/div>\n\t\t\t\t<div class=\"elementor-element elementor-element-0d78b79 elementor-widget elementor-widget-image\" data-id=\"0d78b79\" data-element_type=\"widget\" data-e-type=\"widget\" data-widget_type=\"image.default\">\n\t\t\t\t<div class=\"elementor-widget-container\">\n\t\t\t\t\t\t\t\t\t\t\t\t\t\t\t<img loading=\"lazy\" decoding=\"async\" width=\"768\" height=\"1024\" src=\"https:\/\/planchescontact.fr\/wp-content\/uploads\/2026\/08\/c-Frederic-STUCIN-6-768x1024.jpg\" class=\"attachment-large size-large wp-image-12697\" alt=\"\" srcset=\"https:\/\/planchescontact.fr\/wp-content\/uploads\/2026\/08\/c-Frederic-STUCIN-6-768x1024.jpg 768w, https:\/\/planchescontact.fr\/wp-content\/uploads\/2026\/08\/c-Frederic-STUCIN-6-225x300.jpg 225w, https:\/\/planchescontact.fr\/wp-content\/uploads\/2026\/08\/c-Frederic-STUCIN-6-1152x1536.jpg 1152w, https:\/\/planchescontact.fr\/wp-content\/uploads\/2026\/08\/c-Frederic-STUCIN-6-9x12.jpg 9w, https:\/\/planchescontact.fr\/wp-content\/uploads\/2026\/08\/c-Frederic-STUCIN-6.jpg 1500w\" sizes=\"(max-width: 768px) 100vw, 768px\" \/>\t\t\t\t\t\t\t\t\t\t\t\t\t\t\t<\/div>\n\t\t\t\t<\/div>\n\t\t\t\t<div class=\"elementor-element elementor-element-09fb2fd elementor-widget elementor-widget-text-editor\" data-id=\"09fb2fd\" data-element_type=\"widget\" data-e-type=\"widget\" data-widget_type=\"text-editor.default\">\n\t\t\t\t<div class=\"elementor-widget-container\">\n\t\t\t\t\t\t\t\t\t<p><strong>Friday 20 to Sunday 22 November \u2013 10.30 am\u20136.30 pm<\/strong><\/p>\t\t\t\t\t\t\t\t<\/div>\n\t\t\t\t<\/div>\n\t\t\t\t<div class=\"elementor-element elementor-element-418d56a elementor-widget elementor-widget-text-editor\" data-id=\"418d56a\" data-element_type=\"widget\" data-e-type=\"widget\" data-widget_type=\"text-editor.default\">\n\t\t\t\t<div class=\"elementor-widget-container\">\n\t\t\t\t\t\t\t\t\t<p><strong>Salons de cr\u00e9ativit\u00e9 <\/strong>&#8211; 145b, av. de la r\u00e9publique, Deauville<\/p>\t\t\t\t\t\t\t\t<\/div>\n\t\t\t\t<\/div>\n\t\t\t\t<div class=\"elementor-element elementor-element-4e2bd04 elementor-widget elementor-widget-text-editor\" data-id=\"4e2bd04\" data-element_type=\"widget\" data-e-type=\"widget\" data-widget_type=\"text-editor.default\">\n\t\t\t\t<div class=\"elementor-widget-container\">\n\t\t\t\t\t\t\t\t\t<p>Fr\u00e9d\u00e9ric Stucin \u2013 Portraiture and Lighting<\/p>\t\t\t\t\t\t\t\t<\/div>\n\t\t\t\t<\/div>\n\t\t\t\t<div class=\"elementor-element elementor-element-5b717b6 elementor-widget elementor-widget-text-editor\" data-id=\"5b717b6\" data-element_type=\"widget\" data-e-type=\"widget\" data-widget_type=\"text-editor.default\">\n\t\t\t\t<div class=\"elementor-widget-container\">\n\t\t\t\t\t\t\t\t\t<p>Planches Contact Festival<\/p>\t\t\t\t\t\t\t\t<\/div>\n\t\t\t\t<\/div>\n\t\t\t\t<div class=\"elementor-element elementor-element-2ecc027 elementor-widget elementor-widget-text-editor\" data-id=\"2ecc027\" data-element_type=\"widget\" data-e-type=\"widget\" data-widget_type=\"text-editor.default\">\n\t\t\t\t<div class=\"elementor-widget-container\">\n\t\t\t\t\t\t\t\t\t<p>_<br \/><strong>How can you capture a person\u2019s presence, build a relationship of trust and reveal their personality in just a few images?<\/strong><\/p><p>Through a workshop focusing on portraiture, <strong>Fr\u00e9d\u00e9ric Stucin<\/strong> shares the secrets of a craft he has been developing for over twenty years, through commissions for the press, personal projects and major campaigns. Three days to explore portraiture \u2013 from the initial meeting to the editing process \u2013 and to refine your eye alongside one of France\u2019s most acclaimed portrait photographers.<\/p><p>As an artist-in-residence at the Planches Contact Festival in 2025, Fr\u00e9d\u00e9ric Stucin has dedicated his project *Le Chant des Sir\u00e8nes* to the cabarets of Normandy, continuing his exploration of these venues and the people who frequent them. This series will be on display from 19 September to 19 December at the Maison des arts de Cr\u00e9teil as part of 200 LUX, the exhibition organised by the LUX network, of which the Planches Contact Festival is proud to be a member.<\/p><p>A wonderful opportunity to rediscover his artistic vision in Deauville, this time in the intimate setting of a workshop dedicated to the art of portraiture.<\/p><p><strong>Duration: 3 days<\/strong><span style=\"text-decoration: underline;\"><br \/>Full price: \u20ac300<\/span><br \/><span style=\"text-decoration: underline;\">Season ticket holders and under-26s: \u20ac250<\/span><\/p>\t\t\t\t\t\t\t\t<\/div>\n\t\t\t\t<\/div>\n\t\t\t\t<div class=\"elementor-element elementor-element-5913a33 elementor-absolute elementor-widget elementor-widget-text-editor\" data-id=\"5913a33\" data-element_type=\"widget\" data-e-type=\"widget\" data-settings=\"{&quot;_position&quot;:&quot;absolute&quot;}\" data-widget_type=\"text-editor.default\">\n\t\t\t\t<div class=\"elementor-widget-container\">\n\t\t\t\t\t\t\t\t\t<p><a href=\"https:\/\/lesfranciscaines.fr\/fr\/programmation\/workshop-frederic-stucin-portrait-et-lumiere\" target=\"_blank\" rel=\"noopener\">&gt;&gt;&gt; reservation<\/a><\/p>\t\t\t\t\t\t\t\t<\/div>\n\t\t\t\t<\/div>\n\t\t\t\t<\/div>\n\t\t\t\t<\/div>\n\t\t<div class=\"elementor-element elementor-element-c66a9d0 e-con-full e-flex e-con e-child\" data-id=\"c66a9d0\" data-element_type=\"container\" data-e-type=\"container\">\n\t\t\t\t<div class=\"elementor-element elementor-element-203698a elementor-widget elementor-widget-text-editor\" data-id=\"203698a\" data-element_type=\"widget\" data-e-type=\"widget\" data-widget_type=\"text-editor.default\">\n\t\t\t\t<div class=\"elementor-widget-container\">\n\t\t\t\t\t\t\t\t\t<p><span style=\"text-decoration: underline;\">december<\/span><\/p>\t\t\t\t\t\t\t\t<\/div>\n\t\t\t\t<\/div>\n\t\t\t\t<\/div>\n\t\t<div class=\"elementor-element elementor-element-c8303bb e-grid e-con-full e-con e-child\" data-id=\"c8303bb\" data-element_type=\"container\" data-e-type=\"container\">\n\t\t<div class=\"elementor-element elementor-element-7cd8daa e-con-full e-flex e-con e-child\" data-id=\"7cd8daa\" data-element_type=\"container\" data-e-type=\"container\" data-settings=\"{&quot;background_background&quot;:&quot;classic&quot;}\">\n\t\t\t\t<div class=\"elementor-element elementor-element-d330a6c elementor-widget elementor-widget-text-editor\" data-id=\"d330a6c\" data-element_type=\"widget\" data-e-type=\"widget\" data-widget_type=\"text-editor.default\">\n\t\t\t\t<div class=\"elementor-widget-container\">\n\t\t\t\t\t\t\t\t\t<p>meeting<\/p>\t\t\t\t\t\t\t\t<\/div>\n\t\t\t\t<\/div>\n\t\t\t\t<div class=\"elementor-element elementor-element-9f7b2d1 elementor-widget elementor-widget-image\" data-id=\"9f7b2d1\" data-element_type=\"widget\" data-e-type=\"widget\" data-widget_type=\"image.default\">\n\t\t\t\t<div class=\"elementor-widget-container\">\n\t\t\t\t\t\t\t\t\t\t\t\t\t\t\t<img loading=\"lazy\" decoding=\"async\" width=\"800\" height=\"556\" src=\"https:\/\/planchescontact.fr\/wp-content\/uploads\/2026\/08\/Point-de-Vue-du-Gras_-Nicephore-Niepce_1826-1827-1-1024x712.jpg\" class=\"attachment-large size-large wp-image-12704\" alt=\"\" srcset=\"https:\/\/planchescontact.fr\/wp-content\/uploads\/2026\/08\/Point-de-Vue-du-Gras_-Nicephore-Niepce_1826-1827-1-1024x712.jpg 1024w, https:\/\/planchescontact.fr\/wp-content\/uploads\/2026\/08\/Point-de-Vue-du-Gras_-Nicephore-Niepce_1826-1827-1-300x209.jpg 300w, https:\/\/planchescontact.fr\/wp-content\/uploads\/2026\/08\/Point-de-Vue-du-Gras_-Nicephore-Niepce_1826-1827-1-768x534.jpg 768w, https:\/\/planchescontact.fr\/wp-content\/uploads\/2026\/08\/Point-de-Vue-du-Gras_-Nicephore-Niepce_1826-1827-1-18x12.jpg 18w, https:\/\/planchescontact.fr\/wp-content\/uploads\/2026\/08\/Point-de-Vue-du-Gras_-Nicephore-Niepce_1826-1827-1.jpg 1500w\" sizes=\"(max-width: 800px) 100vw, 800px\" \/>\t\t\t\t\t\t\t\t\t\t\t\t\t\t\t<\/div>\n\t\t\t\t<\/div>\n\t\t\t\t<div class=\"elementor-element elementor-element-ab1cdf9 elementor-widget elementor-widget-text-editor\" data-id=\"ab1cdf9\" data-element_type=\"widget\" data-e-type=\"widget\" data-widget_type=\"text-editor.default\">\n\t\t\t\t<div class=\"elementor-widget-container\">\n\t\t\t\t\t\t\t\t\t<p><strong>Sunday 6 December \u2013 4.00 pm<\/strong><\/p>\t\t\t\t\t\t\t\t<\/div>\n\t\t\t\t<\/div>\n\t\t\t\t<div class=\"elementor-element elementor-element-9dc6e38 elementor-widget elementor-widget-text-editor\" data-id=\"9dc6e38\" data-element_type=\"widget\" data-e-type=\"widget\" data-widget_type=\"text-editor.default\">\n\t\t\t\t<div class=\"elementor-widget-container\">\n\t\t\t\t\t\t\t\t\t<p><strong>La Chapelle <\/strong>&#8211; 145b, av. de la r\u00e9publique, Deauville<\/p>\t\t\t\t\t\t\t\t<\/div>\n\t\t\t\t<\/div>\n\t\t\t\t<div class=\"elementor-element elementor-element-617336a elementor-widget elementor-widget-text-editor\" data-id=\"617336a\" data-element_type=\"widget\" data-e-type=\"widget\" data-widget_type=\"text-editor.default\">\n\t\t\t\t<div class=\"elementor-widget-container\">\n\t\t\t\t\t\t\t\t\t<p>QUENTIN BAJAC &amp; ANTONIO SOMAINI<br \/>The Bicentenary of Photography<\/p>\t\t\t\t\t\t\t\t<\/div>\n\t\t\t\t<\/div>\n\t\t\t\t<div class=\"elementor-element elementor-element-826d58d elementor-widget elementor-widget-text-editor\" data-id=\"826d58d\" data-element_type=\"widget\" data-e-type=\"widget\" data-widget_type=\"text-editor.default\">\n\t\t\t\t<div class=\"elementor-widget-container\">\n\t\t\t\t\t\t\t\t\t<p>Planches Contact Festival<\/p>\t\t\t\t\t\t\t\t<\/div>\n\t\t\t\t<\/div>\n\t\t\t\t<div class=\"elementor-element elementor-element-494ff33 elementor-absolute elementor-widget elementor-widget-text-editor\" data-id=\"494ff33\" data-element_type=\"widget\" data-e-type=\"widget\" data-settings=\"{&quot;_position&quot;:&quot;absolute&quot;}\" data-widget_type=\"text-editor.default\">\n\t\t\t\t<div class=\"elementor-widget-container\">\n\t\t\t\t\t\t\t\t\t<p>&gt;&gt;&gt; Bookings will be available soon<\/p>\t\t\t\t\t\t\t\t<\/div>\n\t\t\t\t<\/div>\n\t\t\t\t<div class=\"elementor-element elementor-element-d1cdc27 elementor-widget elementor-widget-text-editor\" data-id=\"d1cdc27\" data-element_type=\"widget\" data-e-type=\"widget\" data-widget_type=\"text-editor.default\">\n\t\t\t\t<div class=\"elementor-widget-container\">\n\t\t\t\t\t\t\t\t\t<p>_<br \/><strong>What remains of photography, two hundred years after its invention? How does a technique that originated in the 19th century continue to reinvent itself in the age of artificial intelligence, computer-generated images and new uses of digital technology?<\/strong><\/p><p>To mark the bicentenary of photography, <strong>Antonio Somaini<\/strong> and<strong> Quentin Bajac<\/strong> exchange glances as they reflect on the major changes currently taking place within the medium.<\/p><p>Both specialists in the history and development of photography, Antonio Somaini and Quentin Bajac are among the leading figures in contemporary thinking on the image.<\/p><p>Antonio Somaini, a visual historian and lecturer at the Sorbonne Nouvelle University, focuses his research on the transformations of contemporary visual cultures.<\/p><p>Quentin Bajac, a historian of photography, was head of the photography department at MoMA in New York before taking over as director of the Jeu de Paume.<\/p><p>Together, they look back over two centuries of innovation, technical upheavals and changing practices to shed light on how photography continues to redefine our relationship with images and the world.<\/p><p><span style=\"text-decoration: underline;\">Full price: \u20ac5 \/ free for subscribers<\/span><\/p>\t\t\t\t\t\t\t\t<\/div>\n\t\t\t\t<\/div>\n\t\t\t\t<\/div>\n\t\t<div class=\"elementor-element elementor-element-b14a363 e-con-full e-flex e-con e-child\" data-id=\"b14a363\" data-element_type=\"container\" data-e-type=\"container\" data-settings=\"{&quot;background_background&quot;:&quot;classic&quot;}\">\n\t\t\t\t<div class=\"elementor-element elementor-element-88be3b4 elementor-widget elementor-widget-text-editor\" data-id=\"88be3b4\" data-element_type=\"widget\" data-e-type=\"widget\" data-widget_type=\"text-editor.default\">\n\t\t\t\t<div class=\"elementor-widget-container\">\n\t\t\t\t\t\t\t\t\t<p>secondary school pupils\u2019 photo competition<\/p>\t\t\t\t\t\t\t\t<\/div>\n\t\t\t\t<\/div>\n\t\t\t\t<div class=\"elementor-element elementor-element-be581d3 elementor-widget elementor-widget-image\" data-id=\"be581d3\" data-element_type=\"widget\" data-e-type=\"widget\" data-widget_type=\"image.default\">\n\t\t\t\t<div class=\"elementor-widget-container\">\n\t\t\t\t\t\t\t\t\t\t\t\t\t\t\t<img loading=\"lazy\" decoding=\"async\" width=\"800\" height=\"622\" src=\"https:\/\/planchescontact.fr\/wp-content\/uploads\/2026\/08\/Betty-1024x796.jpg\" class=\"attachment-large size-large wp-image-12707\" alt=\"\" srcset=\"https:\/\/planchescontact.fr\/wp-content\/uploads\/2026\/08\/Betty-1024x796.jpg 1024w, https:\/\/planchescontact.fr\/wp-content\/uploads\/2026\/08\/Betty-300x233.jpg 300w, https:\/\/planchescontact.fr\/wp-content\/uploads\/2026\/08\/Betty-768x597.jpg 768w, https:\/\/planchescontact.fr\/wp-content\/uploads\/2026\/08\/Betty-15x12.jpg 15w, https:\/\/planchescontact.fr\/wp-content\/uploads\/2026\/08\/Betty.jpg 1280w\" sizes=\"(max-width: 800px) 100vw, 800px\" \/>\t\t\t\t\t\t\t\t\t\t\t\t\t\t\t<\/div>\n\t\t\t\t<\/div>\n\t\t\t\t<div class=\"elementor-element elementor-element-fe01817 elementor-widget elementor-widget-text-editor\" data-id=\"fe01817\" data-element_type=\"widget\" data-e-type=\"widget\" data-widget_type=\"text-editor.default\">\n\t\t\t\t<div class=\"elementor-widget-container\">\n\t\t\t\t\t\t\t\t\t<p><strong>Friday 11 December \u2013 11.00 am<\/strong><\/p>\t\t\t\t\t\t\t\t<\/div>\n\t\t\t\t<\/div>\n\t\t\t\t<div class=\"elementor-element elementor-element-9df0417 elementor-widget elementor-widget-text-editor\" data-id=\"9df0417\" data-element_type=\"widget\" data-e-type=\"widget\" data-widget_type=\"text-editor.default\">\n\t\t\t\t<div class=\"elementor-widget-container\">\n\t\t\t\t\t\t\t\t\t<p><strong>La Chapelle <\/strong>&#8211; 145b, av. de la r\u00e9publique, Deauville<\/p>\t\t\t\t\t\t\t\t<\/div>\n\t\t\t\t<\/div>\n\t\t\t\t<div class=\"elementor-element elementor-element-59624f2 elementor-widget elementor-widget-text-editor\" data-id=\"59624f2\" data-element_type=\"widget\" data-e-type=\"widget\" data-widget_type=\"text-editor.default\">\n\t\t\t\t<div class=\"elementor-widget-container\">\n\t\t\t\t\t\t\t\t\t<p>Awards ceremony<\/p>\t\t\t\t\t\t\t\t<\/div>\n\t\t\t\t<\/div>\n\t\t\t\t<div class=\"elementor-element elementor-element-f337731 elementor-widget elementor-widget-text-editor\" data-id=\"f337731\" data-element_type=\"widget\" data-e-type=\"widget\" data-widget_type=\"text-editor.default\">\n\t\t\t\t<div class=\"elementor-widget-container\">\n\t\t\t\t\t\t\t\t\t<p>Secondary School Photo Competition<\/p>\t\t\t\t\t\t\t\t<\/div>\n\t\t\t\t<\/div>\n\t\t\t\t<div class=\"elementor-element elementor-element-0d74936 elementor-widget elementor-widget-text-editor\" data-id=\"0d74936\" data-element_type=\"widget\" data-e-type=\"widget\" data-widget_type=\"text-editor.default\">\n\t\t\t\t<div class=\"elementor-widget-container\">\n\t\t\t\t\t\t\t\t\t<p>_<br \/>To mark the bicentenary of photography, the Planches Contact Festival is launching the first edition of its <strong>Concours Photo des Coll\u00e9giens.<\/strong> A new initiative designed to showcase and highlight the perspectives of young people, by offering them the opportunity to present their photographs as part of the festival.<\/p><p>Over a period of several months, classes from Year 6 to Year 9 explored the theme of \u2018Generations\u2019, transforming their everyday lives, encounters and stories into photographic narratives. Following the judging process, a panel of professionals will announce the three winning series at a ceremony to be held at Les Franciscaines.<\/p><p>Beyond the awards themselves, this inaugural awards ceremony celebrates the curiosity, creativity and boldness of a new generation that is learning to see the world in a different light. The awards ceremony will be accompanied by an opportunity to view the photographs taken by all the pupils, as well as the winning entries, and a chance to meet the pupils and their teachers.<\/p><p><span style=\"text-decoration: underline;\">Free \u2013 For school groups only<\/span><\/p>\t\t\t\t\t\t\t\t<\/div>\n\t\t\t\t<\/div>\n\t\t\t\t<div class=\"elementor-element elementor-element-8f55a8f elementor-absolute elementor-widget elementor-widget-text-editor\" data-id=\"8f55a8f\" data-element_type=\"widget\" data-e-type=\"widget\" data-settings=\"{&quot;_position&quot;:&quot;absolute&quot;}\" data-widget_type=\"text-editor.default\">\n\t\t\t\t<div class=\"elementor-widget-container\">\n\t\t\t\t\t\t\t\t\t<p>&gt;&gt;&gt; Free \u2013 For school groups only<\/p>\t\t\t\t\t\t\t\t<\/div>\n\t\t\t\t<\/div>\n\t\t\t\t<\/div>\n\t\t<div class=\"elementor-element elementor-element-acf0698 e-con-full e-flex e-con e-child\" data-id=\"acf0698\" data-element_type=\"container\" data-e-type=\"container\" data-settings=\"{&quot;background_background&quot;:&quot;classic&quot;}\">\n\t\t\t\t<div class=\"elementor-element elementor-element-9a3131c elementor-widget elementor-widget-text-editor\" data-id=\"9a3131c\" data-element_type=\"widget\" data-e-type=\"widget\" data-widget_type=\"text-editor.default\">\n\t\t\t\t<div class=\"elementor-widget-container\">\n\t\t\t\t\t\t\t\t\t<p>workshop<\/p>\t\t\t\t\t\t\t\t<\/div>\n\t\t\t\t<\/div>\n\t\t\t\t<div class=\"elementor-element elementor-element-acf93d3 elementor-widget elementor-widget-image\" data-id=\"acf93d3\" data-element_type=\"widget\" data-e-type=\"widget\" data-widget_type=\"image.default\">\n\t\t\t\t<div class=\"elementor-widget-container\">\n\t\t\t\t\t\t\t\t\t\t\t\t\t\t\t<img loading=\"lazy\" decoding=\"async\" width=\"800\" height=\"534\" src=\"https:\/\/planchescontact.fr\/wp-content\/uploads\/2026\/08\/Journal-des-Mines-photobook-_-Elie-Monferier-6-1024x683.jpg\" class=\"attachment-large size-large wp-image-12706\" alt=\"\" srcset=\"https:\/\/planchescontact.fr\/wp-content\/uploads\/2026\/08\/Journal-des-Mines-photobook-_-Elie-Monferier-6-1024x683.jpg 1024w, https:\/\/planchescontact.fr\/wp-content\/uploads\/2026\/08\/Journal-des-Mines-photobook-_-Elie-Monferier-6-300x200.jpg 300w, https:\/\/planchescontact.fr\/wp-content\/uploads\/2026\/08\/Journal-des-Mines-photobook-_-Elie-Monferier-6-768x512.jpg 768w, https:\/\/planchescontact.fr\/wp-content\/uploads\/2026\/08\/Journal-des-Mines-photobook-_-Elie-Monferier-6-18x12.jpg 18w, https:\/\/planchescontact.fr\/wp-content\/uploads\/2026\/08\/Journal-des-Mines-photobook-_-Elie-Monferier-6.jpg 1500w\" sizes=\"(max-width: 800px) 100vw, 800px\" \/>\t\t\t\t\t\t\t\t\t\t\t\t\t\t\t<\/div>\n\t\t\t\t<\/div>\n\t\t\t\t<div class=\"elementor-element elementor-element-ed4be84 elementor-widget elementor-widget-text-editor\" data-id=\"ed4be84\" data-element_type=\"widget\" data-e-type=\"widget\" data-widget_type=\"text-editor.default\">\n\t\t\t\t<div class=\"elementor-widget-container\">\n\t\t\t\t\t\t\t\t\t<p><strong>Friday 11 to Sunday 13 December \u2013 10.30 am\u20136.30 pm<\/strong><\/p>\t\t\t\t\t\t\t\t<\/div>\n\t\t\t\t<\/div>\n\t\t\t\t<div class=\"elementor-element elementor-element-c7b1096 elementor-widget elementor-widget-text-editor\" data-id=\"c7b1096\" data-element_type=\"widget\" data-e-type=\"widget\" data-widget_type=\"text-editor.default\">\n\t\t\t\t<div class=\"elementor-widget-container\">\n\t\t\t\t\t\t\t\t\t<p><strong>Salons de cr\u00e9ativit\u00e9 <\/strong>&#8211; 145b, av. de la r\u00e9publique, Deauville<\/p>\t\t\t\t\t\t\t\t<\/div>\n\t\t\t\t<\/div>\n\t\t\t\t<div class=\"elementor-element elementor-element-b79e904 elementor-widget elementor-widget-text-editor\" data-id=\"b79e904\" data-element_type=\"widget\" data-e-type=\"widget\" data-widget_type=\"text-editor.default\">\n\t\t\t\t<div class=\"elementor-widget-container\">\n\t\t\t\t\t\t\t\t\t<p>\u00e9lie monferier<br \/>Designing and publishing a photo book<\/p>\t\t\t\t\t\t\t\t<\/div>\n\t\t\t\t<\/div>\n\t\t\t\t<div class=\"elementor-element elementor-element-be618ad elementor-widget elementor-widget-text-editor\" data-id=\"be618ad\" data-element_type=\"widget\" data-e-type=\"widget\" data-widget_type=\"text-editor.default\">\n\t\t\t\t<div class=\"elementor-widget-container\">\n\t\t\t\t\t\t\t\t\t<p>Planches Contact Festival<\/p>\t\t\t\t\t\t\t\t<\/div>\n\t\t\t\t<\/div>\n\t\t\t\t<div class=\"elementor-element elementor-element-624550f elementor-widget elementor-widget-text-editor\" data-id=\"624550f\" data-element_type=\"widget\" data-e-type=\"widget\" data-widget_type=\"text-editor.default\">\n\t\t\t\t<div class=\"elementor-widget-container\">\n\t\t\t\t\t\t\t\t\t<p>_<br \/>Sequencing, storytelling, graphic design, layout, printing and binding: participants will experience every stage of the publishing process in order to create a unique object, conceived as an extension of their photographs.<\/p><p>The workshop is aimed at anyone interested in publishing or self-publishing their work as a photographic artist\u2019s book.<\/p><p>Visual artist, photographer and book designer, <strong>\u00c9lie Monferier<\/strong> turns the book into a true space for creativity. He has won several awards for his self-published works, notably <em>Sang Noir,<\/em> winner of the Best Photo Book of the Year award at PhotoEspa\u00f1a, or more recently<em> Journal des Mines,<\/em> A finalist at the Rencontres d\u2019Arles and PhotoEspa\u00f1a in 2024. He is also the winner of the Prix Mentor in 2023 and the Gomma Photography Grant in 2024. He is developing a practice in which photography is shaped as much by the images themselves as by the way they are narrated.<\/p><p><strong>Duration: 3 days<\/strong><br \/><span style=\"text-decoration: underline;\">Full price: \u20ac300<\/span><br \/><span style=\"text-decoration: underline;\">Season ticket holders and under-26s: \u20ac250<\/span><\/p>\t\t\t\t\t\t\t\t<\/div>\n\t\t\t\t<\/div>\n\t\t\t\t<div class=\"elementor-element elementor-element-ed55c32 elementor-absolute elementor-widget elementor-widget-text-editor\" data-id=\"ed55c32\" data-element_type=\"widget\" data-e-type=\"widget\" data-settings=\"{&quot;_position&quot;:&quot;absolute&quot;}\" data-widget_type=\"text-editor.default\">\n\t\t\t\t<div class=\"elementor-widget-container\">\n\t\t\t\t\t\t\t\t\t<p><a href=\"https:\/\/lesfranciscaines.fr\/fr\/programmation\/workshop-elie-monferier-concevoir-et-editer-un-livre-photo\" target=\"_blank\" rel=\"noopener\">&gt;&gt;&gt; details and registration<\/a><\/p>\t\t\t\t\t\t\t\t<\/div>\n\t\t\t\t<\/div>\n\t\t\t\t<\/div>\n\t\t\t\t<\/div>\n\t\t<div class=\"elementor-element elementor-element-ca40a73 e-grid e-con-full e-con e-child\" data-id=\"ca40a73\" data-element_type=\"container\" data-e-type=\"container\">\n\t\t<div class=\"elementor-element elementor-element-930256b e-con-full e-flex e-con e-child\" data-id=\"930256b\" data-element_type=\"container\" data-e-type=\"container\" data-settings=\"{&quot;background_background&quot;:&quot;classic&quot;}\">\n\t\t\t\t<div class=\"elementor-element elementor-element-e4a665b elementor-widget elementor-widget-text-editor\" data-id=\"e4a665b\" data-element_type=\"widget\" data-e-type=\"widget\" data-widget_type=\"text-editor.default\">\n\t\t\t\t<div class=\"elementor-widget-container\">\n\t\t\t\t\t\t\t\t\t<p>photographic concert<\/p>\t\t\t\t\t\t\t\t<\/div>\n\t\t\t\t<\/div>\n\t\t\t\t<div class=\"elementor-element elementor-element-e698abc elementor-widget elementor-widget-image\" data-id=\"e698abc\" data-element_type=\"widget\" data-e-type=\"widget\" data-widget_type=\"image.default\">\n\t\t\t\t<div class=\"elementor-widget-container\">\n\t\t\t\t\t\t\t\t\t\t\t\t\t\t\t<img loading=\"lazy\" decoding=\"async\" width=\"775\" height=\"1024\" src=\"https:\/\/planchescontact.fr\/wp-content\/uploads\/2026\/08\/Aline-Piboule-et-Michel-Poivert-2-775x1024.jpg\" class=\"attachment-large size-large wp-image-12712\" alt=\"\" srcset=\"https:\/\/planchescontact.fr\/wp-content\/uploads\/2026\/08\/Aline-Piboule-et-Michel-Poivert-2-775x1024.jpg 775w, https:\/\/planchescontact.fr\/wp-content\/uploads\/2026\/08\/Aline-Piboule-et-Michel-Poivert-2-227x300.jpg 227w, https:\/\/planchescontact.fr\/wp-content\/uploads\/2026\/08\/Aline-Piboule-et-Michel-Poivert-2-768x1015.jpg 768w, https:\/\/planchescontact.fr\/wp-content\/uploads\/2026\/08\/Aline-Piboule-et-Michel-Poivert-2-1162x1536.jpg 1162w, https:\/\/planchescontact.fr\/wp-content\/uploads\/2026\/08\/Aline-Piboule-et-Michel-Poivert-2-9x12.jpg 9w, https:\/\/planchescontact.fr\/wp-content\/uploads\/2026\/08\/Aline-Piboule-et-Michel-Poivert-2.jpg 1500w\" sizes=\"(max-width: 775px) 100vw, 775px\" \/>\t\t\t\t\t\t\t\t\t\t\t\t\t\t\t<\/div>\n\t\t\t\t<\/div>\n\t\t\t\t<div class=\"elementor-element elementor-element-15f03a8 elementor-widget elementor-widget-text-editor\" data-id=\"15f03a8\" data-element_type=\"widget\" data-e-type=\"widget\" data-widget_type=\"text-editor.default\">\n\t\t\t\t<div class=\"elementor-widget-container\">\n\t\t\t\t\t\t\t\t\t<p><strong>Sunday 20 December \u2013 4.00 pm<\/strong><\/p>\t\t\t\t\t\t\t\t<\/div>\n\t\t\t\t<\/div>\n\t\t\t\t<div class=\"elementor-element elementor-element-f57b09c elementor-widget elementor-widget-text-editor\" data-id=\"f57b09c\" data-element_type=\"widget\" data-e-type=\"widget\" data-widget_type=\"text-editor.default\">\n\t\t\t\t<div class=\"elementor-widget-container\">\n\t\t\t\t\t\t\t\t\t<p><strong>La Chapelle<\/strong> &#8211; 145b, av. de la r\u00e9publique<\/p>\t\t\t\t\t\t\t\t<\/div>\n\t\t\t\t<\/div>\n\t\t\t\t<div class=\"elementor-element elementor-element-a20c443 elementor-widget elementor-widget-text-editor\" data-id=\"a20c443\" data-element_type=\"widget\" data-e-type=\"widget\" data-widget_type=\"text-editor.default\">\n\t\t\t\t<div class=\"elementor-widget-container\">\n\t\t\t\t\t\t\t\t\t<p>ALINE PIBOULE &amp; MICHEL POIVERT &#8211; Spectralit\u00e9<\/p>\t\t\t\t\t\t\t\t<\/div>\n\t\t\t\t<\/div>\n\t\t\t\t<div class=\"elementor-element elementor-element-8802a81 elementor-widget elementor-widget-text-editor\" data-id=\"8802a81\" data-element_type=\"widget\" data-e-type=\"widget\" data-widget_type=\"text-editor.default\">\n\t\t\t\t<div class=\"elementor-widget-container\">\n\t\t\t\t\t\t\t\t\t<p>Planches Contact Festival<\/p>\t\t\t\t\t\t\t\t<\/div>\n\t\t\t\t<\/div>\n\t\t\t\t<div class=\"elementor-element elementor-element-bbf6974 elementor-widget elementor-widget-text-editor\" data-id=\"bbf6974\" data-element_type=\"widget\" data-e-type=\"widget\" data-widget_type=\"text-editor.default\">\n\t\t\t\t<div class=\"elementor-widget-container\">\n\t\t\t\t\t\t\t\t\t<p>_<br \/>To mark the bicentenary of photography, the pianist <strong>Aline Piboule<\/strong> and the photography historian <strong>Michel Poivert<\/strong> envision a production in which music and images engage in a dialogue centred on the invisible, memory and the phenomenon of apparitions.<\/p><p><strong>What do photography and music have in common when they seek to reveal what escapes the eye or the ear?<\/strong><\/p><p>This question serves as a guide <em>Spectralit\u00e9,<\/em> An original production conceived as a sensory journey combining image projections, narration and musical interpretation. By creating a dialogue between photographic works and musical scores from different eras, Michel Poivert and Aline Piboule explore the deep connections that link these two arts of perception. Apparitions, ghosts, illusions, and scientific or artistic experiments weave a narrative in which the visible and the invisible echo one another.<\/p><p>Through this intertwined history spanning two centuries of creativity, *Spectralit\u00e9* invites the audience to take a fresh look at both images and sounds, and to discover the poetry of that which reveals itself only to those who take the time to look and listen.<\/p><p><span style=\"text-decoration: underline;\">Full price: \u20ac27 <\/span><br \/><span style=\"text-decoration: underline;\">Subscriber: \u20ac20<\/span><br \/><span style=\"text-decoration: underline;\">Young people and those on low incomes: \u20ac6<\/span><\/p>\t\t\t\t\t\t\t\t<\/div>\n\t\t\t\t<\/div>\n\t\t\t\t<div class=\"elementor-element elementor-element-302392b elementor-absolute elementor-widget elementor-widget-text-editor\" data-id=\"302392b\" data-element_type=\"widget\" data-e-type=\"widget\" data-settings=\"{&quot;_position&quot;:&quot;absolute&quot;}\" data-widget_type=\"text-editor.default\">\n\t\t\t\t<div class=\"elementor-widget-container\">\n\t\t\t\t\t\t\t\t\t<p><a href=\"https:\/\/lesfranciscaines.fr\/fr\/programmation\/aline-piboule-michel-poivert\" target=\"_blank\" rel=\"noopener\">&gt;&gt;&gt; reservation<\/a><\/p>\t\t\t\t\t\t\t\t<\/div>\n\t\t\t\t<\/div>\n\t\t\t\t<\/div>\n\t\t<div class=\"elementor-element elementor-element-0df6e43 e-con-full e-flex e-con e-child\" data-id=\"0df6e43\" data-element_type=\"container\" data-e-type=\"container\" data-settings=\"{&quot;background_background&quot;:&quot;classic&quot;}\">\n\t\t\t\t<div class=\"elementor-element elementor-element-7ecd950 elementor-widget elementor-widget-text-editor\" data-id=\"7ecd950\" data-element_type=\"widget\" data-e-type=\"widget\" data-widget_type=\"text-editor.default\">\n\t\t\t\t<div class=\"elementor-widget-container\">\n\t\t\t\t\t\t\t\t\t<p>film and snacks<\/p>\t\t\t\t\t\t\t\t<\/div>\n\t\t\t\t<\/div>\n\t\t\t\t<div class=\"elementor-element elementor-element-529d7e3 elementor-widget elementor-widget-image\" data-id=\"529d7e3\" data-element_type=\"widget\" data-e-type=\"widget\" data-widget_type=\"image.default\">\n\t\t\t\t<div class=\"elementor-widget-container\">\n\t\t\t\t\t\t\t\t\t\t\t\t\t\t\t<img loading=\"lazy\" decoding=\"async\" width=\"800\" height=\"893\" src=\"https:\/\/planchescontact.fr\/wp-content\/uploads\/2026\/08\/Persepolis_MarjaneSatrap_webi-1-917x1024.jpg\" class=\"attachment-large size-large wp-image-13643\" alt=\"\" srcset=\"https:\/\/planchescontact.fr\/wp-content\/uploads\/2026\/08\/Persepolis_MarjaneSatrap_webi-1-917x1024.jpg 917w, https:\/\/planchescontact.fr\/wp-content\/uploads\/2026\/08\/Persepolis_MarjaneSatrap_webi-1-269x300.jpg 269w, https:\/\/planchescontact.fr\/wp-content\/uploads\/2026\/08\/Persepolis_MarjaneSatrap_webi-1-768x857.jpg 768w, https:\/\/planchescontact.fr\/wp-content\/uploads\/2026\/08\/Persepolis_MarjaneSatrap_webi-1-11x12.jpg 11w, https:\/\/planchescontact.fr\/wp-content\/uploads\/2026\/08\/Persepolis_MarjaneSatrap_webi-1.jpg 945w\" sizes=\"(max-width: 800px) 100vw, 800px\" \/>\t\t\t\t\t\t\t\t\t\t\t\t\t\t\t<\/div>\n\t\t\t\t<\/div>\n\t\t\t\t<div class=\"elementor-element elementor-element-473b6cf elementor-widget elementor-widget-text-editor\" data-id=\"473b6cf\" data-element_type=\"widget\" data-e-type=\"widget\" data-widget_type=\"text-editor.default\">\n\t\t\t\t<div class=\"elementor-widget-container\">\n\t\t\t\t\t\t\t\t\t<p><strong>Wednesday 30 December \u2013 2.30 pm<\/strong><\/p>\t\t\t\t\t\t\t\t<\/div>\n\t\t\t\t<\/div>\n\t\t\t\t<div class=\"elementor-element elementor-element-98e8ee5 elementor-widget elementor-widget-text-editor\" data-id=\"98e8ee5\" data-element_type=\"widget\" data-e-type=\"widget\" data-widget_type=\"text-editor.default\">\n\t\t\t\t<div class=\"elementor-widget-container\">\n\t\t\t\t\t\t\t\t\t<p><strong>Salon de cr\u00e9ativit\u00e9<\/strong>&#8211; 145b, av. de la r\u00e9publique<\/p>\t\t\t\t\t\t\t\t<\/div>\n\t\t\t\t<\/div>\n\t\t\t\t<div class=\"elementor-element elementor-element-d4be37e elementor-widget elementor-widget-text-editor\" data-id=\"d4be37e\" data-element_type=\"widget\" data-e-type=\"widget\" data-widget_type=\"text-editor.default\">\n\t\t\t\t<div class=\"elementor-widget-container\">\n\t\t\t\t\t\t\t\t\t<p>persepolis<\/p>\t\t\t\t\t\t\t\t<\/div>\n\t\t\t\t<\/div>\n\t\t\t\t<div class=\"elementor-element elementor-element-69d3d53 elementor-widget elementor-widget-text-editor\" data-id=\"69d3d53\" data-element_type=\"widget\" data-e-type=\"widget\" data-widget_type=\"text-editor.default\">\n\t\t\t\t<div class=\"elementor-widget-container\">\n\t\t\t\t\t\t\t\t\t<p>by Marjane Satrapi and Vincent Paronnaud<\/p>\t\t\t\t\t\t\t\t<\/div>\n\t\t\t\t<\/div>\n\t\t\t\t<div class=\"elementor-element elementor-element-abe414a elementor-widget elementor-widget-text-editor\" data-id=\"abe414a\" data-element_type=\"widget\" data-e-type=\"widget\" data-widget_type=\"text-editor.default\">\n\t\t\t\t<div class=\"elementor-widget-container\">\n\t\t\t\t\t\t\t\t\t<p>____<br \/>Planches Contact Festival explores Iran\u2019s recent history and the aspirations of its young people. <br \/>Following on from Newsha Tavakolian\u2019s exhibition at Les Franciscaines, this film and afternoon tea event invites you to (re)discover <strong>Persepolis,<\/strong> An animated film directed by Marjane Satrapi and Vincent Paronnaud, released in 2007 and adapted from her autobiographical comic strip.<\/p><p>With humour, emotion and an incredible story, the film follows the journey of a young girl as she faces the Iranian Revolution, exile and her quest for freedom.<\/p><p>Winner of the Jury Prize at the 2007 Cannes Film Festival and nominated for the Oscar for Best Animated Feature in 2008, *Persepolis* has established itself as a major work of contemporary animated cinema. By blending personal memory with a universal narrative, the film continues to resonate with undiminished power. As Marjane Satrapi passed away last June, this screening takes on a special significance: that of a tribute to an artist whose unfettered voice has permanently changed our perspective on Iran and on the power of storytelling.<\/p><p><strong>A film suitable for children aged 12 and over, followed by an Iranian-inspired afternoon tea to round off the evening<\/strong><br \/><strong>the trip and sharing this cinema experience with the family.<\/strong><\/p><p><span style=\"text-decoration: underline;\">Free of charge, subject to booking (required)<\/span><\/p>\t\t\t\t\t\t\t\t<\/div>\n\t\t\t\t<\/div>\n\t\t\t\t<div class=\"elementor-element elementor-element-feabc9a elementor-absolute elementor-widget elementor-widget-text-editor\" data-id=\"feabc9a\" data-element_type=\"widget\" data-e-type=\"widget\" data-settings=\"{&quot;_position&quot;:&quot;absolute&quot;}\" data-widget_type=\"text-editor.default\">\n\t\t\t\t<div class=\"elementor-widget-container\">\n\t\t\t\t\t\t\t\t\t<p>&gt;&gt;&gt; Bookings will be available soon<\/p>\t\t\t\t\t\t\t\t<\/div>\n\t\t\t\t<\/div>\n\t\t\t\t<\/div>\n\t\t\t\t<\/div>\n\t\t\t\t<\/div>\n\t\t\t\t<\/div>\n\t\t\t\t\t<\/div>\n\t\t\t\t<\/div>\n\t\t<div class=\"elementor-element elementor-element-05c781d e-flex e-con-boxed e-con e-parent\" data-id=\"05c781d\" data-element_type=\"container\" data-e-type=\"container\">\n\t\t\t\t\t<div class=\"e-con-inner\">\n\t\t\t\t<div class=\"elementor-element elementor-element-bd9d237 elementor-widget elementor-widget-html\" data-id=\"bd9d237\" data-element_type=\"widget\" data-e-type=\"widget\" data-widget_type=\"html.default\">\n\t\t\t\t<div class=\"elementor-widget-container\">\n\t\t\t\t\t<style>\n\/* Couleur de fond Hover de l'Hamburger *\/\n.elementor-nav-menu--dropdown .elementor-item.elementor-item-active, .elementor-nav-menu--dropdown .elementor-item.highlighted, .elementor-nav-menu--dropdown .elementor-item:focus, .elementor-nav-menu--dropdown .elementor-item:hover, .elementor-sub-item.elementor-item-active, .elementor-sub-item.highlighted, .elementor-sub-item:focus, .elementor-sub-item:hover {\n  background-color: #FFE372;\n}\n\n\/* Couleur tu texte en hover\/focus de l'Hamburger et de ses liens *\/\n.elementor-499 .elementor-element.elementor-element-f0c4c6a .elementor-nav-menu--dropdown a:hover,\n.elementor-499 .elementor-element.elementor-element-f0c4c6a .elementor-nav-menu--dropdown a:focus,\n.elementor-499 .elementor-element.elementor-element-f0c4c6a .elementor-menu-toggle:hover,\n.elementor-499 .elementor-element.elementor-element-f0c4c6a .elementor-menu-toggle:focus {\n  color: #ffffff;\n}\n\n\n\/* Centre l\u00e9g\u00e8rement le texte de l'Hamburger *\/\n\n\n@media (max-width: 767px) {\n  .elementor-nav-menu--dropdown a {\n    padding-left: 8px !important;\n  }\n}\n\n\n\n\/* Repositionne l'Hamburger *\/\n@media (max-width: 767px) {\n  .elementor-nav-menu--toggle .elementor-menu-toggle.elementor-active + .elementor-nav-menu__container {\n    margin-top: 2px;\n  }\n}\n<\/style>\n<script>\n\/* Fermeture automatique de l'Hamburger *\/\n  document.querySelectorAll('.elementor-item.elementor-item-anchor').forEach(function(item) {\n    item.addEventListener('click', function() {\n      const toggleButton = document.querySelector('.elementor-menu-toggle.elementor-active');\n      if (toggleButton) {\n        toggleButton.click();\n      }\n    });\n  });\n<\/script>\t\t\t\t<\/div>\n\t\t\t\t<\/div>\n\t\t\t\t\t<\/div>\n\t\t\t\t<\/div>\n\t\t\t\t<\/div>","protected":false},"excerpt":{"rendered":"<p>Les \u00e9v\u00e9nements du festivalen d\u00e9tail octobre boutique \u00e9ph\u00e9m\u00e8re Du samedi 17 octobre au dimanche 1er novembre &#8211; 10h30-13h30 et 14h30-17h30 Front de mer &#8211; Place Claude Lelouch PODA, une petite [&hellip;]<\/p>\n","protected":false},"author":1,"featured_media":0,"parent":0,"menu_order":0,"comment_status":"closed","ping_status":"closed","template":"","meta":{"_acf_changed":false,"footnotes":""},"class_list":["post-4255","page","type-page","status-publish","hentry"],"acf":[],"yoast_head":"<!-- This site is optimized with the Yoast SEO plugin v28.1 - https:\/\/yoast.com\/product\/yoast-seo-wordpress\/ -->\n<title>Les \u00e9v\u00e9nements - Planches Contact Festival<\/title>\n<meta name=\"robots\" content=\"index, follow, max-snippet:-1, max-image-preview:large, max-video-preview:-1\" \/>\n<link rel=\"canonical\" href=\"https:\/\/planchescontact.fr\/en\/les-evenements\/\" \/>\n<meta property=\"og:locale\" content=\"en_GB\" \/>\n<meta property=\"og:type\" content=\"article\" \/>\n<meta property=\"og:title\" content=\"Les \u00e9v\u00e9nements - Planches Contact Festival\" \/>\n<meta property=\"og:description\" content=\"Les \u00e9v\u00e9nements du festivalen d\u00e9tail octobre boutique \u00e9ph\u00e9m\u00e8re Du samedi 17 octobre au dimanche 1er novembre &#8211; 10h30-13h30 et 14h30-17h30 Front de mer &#8211; Place Claude Lelouch PODA, une petite [&hellip;]\" \/>\n<meta property=\"og:url\" content=\"https:\/\/planchescontact.fr\/en\/les-evenements\/\" \/>\n<meta property=\"og:site_name\" content=\"Planches Contact Festival\" \/>\n<meta property=\"article:modified_time\" content=\"2026-08-25T10:27:47+00:00\" \/>\n<meta property=\"og:image\" content=\"https:\/\/planchescontact.fr\/wp-content\/uploads\/2026\/06\/logo_2026_04.png\" \/>\n\t<meta property=\"og:image:width\" content=\"1290\" \/>\n\t<meta property=\"og:image:height\" content=\"750\" \/>\n\t<meta property=\"og:image:type\" content=\"image\/png\" \/>\n<meta name=\"twitter:card\" content=\"summary_large_image\" \/>\n<meta name=\"twitter:label1\" content=\"Estimated reading time\" \/>\n\t<meta name=\"twitter:data1\" content=\"28 minutes\" \/>\n<script type=\"application\/ld+json\" class=\"yoast-schema-graph\">{\"@context\":\"https:\\\/\\\/schema.org\",\"@graph\":[{\"@type\":\"WebPage\",\"@id\":\"https:\\\/\\\/planchescontact.fr\\\/les-evenements\\\/\",\"url\":\"https:\\\/\\\/planchescontact.fr\\\/les-evenements\\\/\",\"name\":\"Les \u00e9v\u00e9nements - Planches Contact Festival\",\"isPartOf\":{\"@id\":\"https:\\\/\\\/planchescontact.fr\\\/#website\"},\"primaryImageOfPage\":{\"@id\":\"https:\\\/\\\/planchescontact.fr\\\/les-evenements\\\/#primaryimage\"},\"image\":{\"@id\":\"https:\\\/\\\/planchescontact.fr\\\/les-evenements\\\/#primaryimage\"},\"thumbnailUrl\":\"https:\\\/\\\/planchescontact.fr\\\/wp-content\\\/uploads\\\/2026\\\/06\\\/logo_2026_04.png\",\"datePublished\":\"2025-08-12T16:21:33+00:00\",\"dateModified\":\"2026-08-25T10:27:47+00:00\",\"breadcrumb\":{\"@id\":\"https:\\\/\\\/planchescontact.fr\\\/les-evenements\\\/#breadcrumb\"},\"inLanguage\":\"en-GB\",\"potentialAction\":[{\"@type\":\"ReadAction\",\"target\":[\"https:\\\/\\\/planchescontact.fr\\\/les-evenements\\\/\"]}]},{\"@type\":\"ImageObject\",\"inLanguage\":\"en-GB\",\"@id\":\"https:\\\/\\\/planchescontact.fr\\\/les-evenements\\\/#primaryimage\",\"url\":\"https:\\\/\\\/planchescontact.fr\\\/wp-content\\\/uploads\\\/2026\\\/06\\\/logo_2026_04.png\",\"contentUrl\":\"https:\\\/\\\/planchescontact.fr\\\/wp-content\\\/uploads\\\/2026\\\/06\\\/logo_2026_04.png\"},{\"@type\":\"BreadcrumbList\",\"@id\":\"https:\\\/\\\/planchescontact.fr\\\/les-evenements\\\/#breadcrumb\",\"itemListElement\":[{\"@type\":\"ListItem\",\"position\":1,\"name\":\"Accueil\",\"item\":\"https:\\\/\\\/planchescontact.fr\\\/\"},{\"@type\":\"ListItem\",\"position\":2,\"name\":\"Les \u00e9v\u00e9nements\"}]},{\"@type\":\"WebSite\",\"@id\":\"https:\\\/\\\/planchescontact.fr\\\/#website\",\"url\":\"https:\\\/\\\/planchescontact.fr\\\/\",\"name\":\"Planches Contact Festival\",\"description\":\"Deauville Photographie\",\"publisher\":{\"@id\":\"https:\\\/\\\/planchescontact.fr\\\/#organization\"},\"potentialAction\":[{\"@type\":\"SearchAction\",\"target\":{\"@type\":\"EntryPoint\",\"urlTemplate\":\"https:\\\/\\\/planchescontact.fr\\\/?s={search_term_string}\"},\"query-input\":{\"@type\":\"PropertyValueSpecification\",\"valueRequired\":true,\"valueName\":\"search_term_string\"}}],\"inLanguage\":\"en-GB\"},{\"@type\":\"Organization\",\"@id\":\"https:\\\/\\\/planchescontact.fr\\\/#organization\",\"name\":\"Planches Contact Festival\",\"url\":\"https:\\\/\\\/planchescontact.fr\\\/\",\"logo\":{\"@type\":\"ImageObject\",\"inLanguage\":\"en-GB\",\"@id\":\"https:\\\/\\\/planchescontact.fr\\\/#\\\/schema\\\/logo\\\/image\\\/\",\"url\":\"https:\\\/\\\/planchescontact.fr\\\/wp-content\\\/uploads\\\/2025\\\/04\\\/PC2025_noir-scaled.png\",\"contentUrl\":\"https:\\\/\\\/planchescontact.fr\\\/wp-content\\\/uploads\\\/2025\\\/04\\\/PC2025_noir-scaled.png\",\"width\":2560,\"height\":1455,\"caption\":\"Planches Contact Festival\"},\"image\":{\"@id\":\"https:\\\/\\\/planchescontact.fr\\\/#\\\/schema\\\/logo\\\/image\\\/\"},\"sameAs\":[\"https:\\\/\\\/www.instagram.com\\\/planchescontactfestival\"]}]}<\/script>\n<!-- \/ Yoast SEO plugin. -->","yoast_head_json":{"title":"Les \u00e9v\u00e9nements - Planches Contact Festival","robots":{"index":"index","follow":"follow","max-snippet":"max-snippet:-1","max-image-preview":"max-image-preview:large","max-video-preview":"max-video-preview:-1"},"canonical":"https:\/\/planchescontact.fr\/en\/les-evenements\/","og_locale":"en_GB","og_type":"article","og_title":"Les \u00e9v\u00e9nements - Planches Contact Festival","og_description":"Les \u00e9v\u00e9nements du festivalen d\u00e9tail octobre boutique \u00e9ph\u00e9m\u00e8re Du samedi 17 octobre au dimanche 1er novembre &#8211; 10h30-13h30 et 14h30-17h30 Front de mer &#8211; Place Claude Lelouch PODA, une petite [&hellip;]","og_url":"https:\/\/planchescontact.fr\/en\/les-evenements\/","og_site_name":"Planches Contact Festival","article_modified_time":"2026-08-25T10:27:47+00:00","og_image":[{"width":1290,"height":750,"url":"https:\/\/planchescontact.fr\/wp-content\/uploads\/2026\/06\/logo_2026_04.png","type":"image\/png"}],"twitter_card":"summary_large_image","twitter_misc":{"Estimated reading time":"28 minutes"},"schema":{"@context":"https:\/\/schema.org","@graph":[{"@type":"WebPage","@id":"https:\/\/planchescontact.fr\/les-evenements\/","url":"https:\/\/planchescontact.fr\/les-evenements\/","name":"Les \u00e9v\u00e9nements - Planches Contact Festival","isPartOf":{"@id":"https:\/\/planchescontact.fr\/#website"},"primaryImageOfPage":{"@id":"https:\/\/planchescontact.fr\/les-evenements\/#primaryimage"},"image":{"@id":"https:\/\/planchescontact.fr\/les-evenements\/#primaryimage"},"thumbnailUrl":"https:\/\/planchescontact.fr\/wp-content\/uploads\/2026\/06\/logo_2026_04.png","datePublished":"2025-08-12T16:21:33+00:00","dateModified":"2026-08-25T10:27:47+00:00","breadcrumb":{"@id":"https:\/\/planchescontact.fr\/les-evenements\/#breadcrumb"},"inLanguage":"en-GB","potentialAction":[{"@type":"ReadAction","target":["https:\/\/planchescontact.fr\/les-evenements\/"]}]},{"@type":"ImageObject","inLanguage":"en-GB","@id":"https:\/\/planchescontact.fr\/les-evenements\/#primaryimage","url":"https:\/\/planchescontact.fr\/wp-content\/uploads\/2026\/06\/logo_2026_04.png","contentUrl":"https:\/\/planchescontact.fr\/wp-content\/uploads\/2026\/06\/logo_2026_04.png"},{"@type":"BreadcrumbList","@id":"https:\/\/planchescontact.fr\/les-evenements\/#breadcrumb","itemListElement":[{"@type":"ListItem","position":1,"name":"Accueil","item":"https:\/\/planchescontact.fr\/"},{"@type":"ListItem","position":2,"name":"Les \u00e9v\u00e9nements"}]},{"@type":"WebSite","@id":"https:\/\/planchescontact.fr\/#website","url":"https:\/\/planchescontact.fr\/","name":"Planches Contact Festival","description":"Deauville Photographie","publisher":{"@id":"https:\/\/planchescontact.fr\/#organization"},"potentialAction":[{"@type":"SearchAction","target":{"@type":"EntryPoint","urlTemplate":"https:\/\/planchescontact.fr\/?s={search_term_string}"},"query-input":{"@type":"PropertyValueSpecification","valueRequired":true,"valueName":"search_term_string"}}],"inLanguage":"en-GB"},{"@type":"Organization","@id":"https:\/\/planchescontact.fr\/#organization","name":"Planches Contact Festival","url":"https:\/\/planchescontact.fr\/","logo":{"@type":"ImageObject","inLanguage":"en-GB","@id":"https:\/\/planchescontact.fr\/#\/schema\/logo\/image\/","url":"https:\/\/planchescontact.fr\/wp-content\/uploads\/2025\/04\/PC2025_noir-scaled.png","contentUrl":"https:\/\/planchescontact.fr\/wp-content\/uploads\/2025\/04\/PC2025_noir-scaled.png","width":2560,"height":1455,"caption":"Planches Contact Festival"},"image":{"@id":"https:\/\/planchescontact.fr\/#\/schema\/logo\/image\/"},"sameAs":["https:\/\/www.instagram.com\/planchescontactfestival"]}]}},"_links":{"self":[{"href":"https:\/\/planchescontact.fr\/en\/wp-json\/wp\/v2\/pages\/4255","targetHints":{"allow":["GET"]}}],"collection":[{"href":"https:\/\/planchescontact.fr\/en\/wp-json\/wp\/v2\/pages"}],"about":[{"href":"https:\/\/planchescontact.fr\/en\/wp-json\/wp\/v2\/types\/page"}],"author":[{"embeddable":true,"href":"https:\/\/planchescontact.fr\/en\/wp-json\/wp\/v2\/users\/1"}],"replies":[{"embeddable":true,"href":"https:\/\/planchescontact.fr\/en\/wp-json\/wp\/v2\/comments?post=4255"}],"version-history":[{"count":840,"href":"https:\/\/planchescontact.fr\/en\/wp-json\/wp\/v2\/pages\/4255\/revisions"}],"predecessor-version":[{"id":13681,"href":"https:\/\/planchescontact.fr\/en\/wp-json\/wp\/v2\/pages\/4255\/revisions\/13681"}],"wp:attachment":[{"href":"https:\/\/planchescontact.fr\/en\/wp-json\/wp\/v2\/media?parent=4255"}],"curies":[{"name":"wp","href":"https:\/\/api.w.org\/{rel}","templated":true}]}}